{"id":29124,"date":"2025-06-06T16:52:16","date_gmt":"2025-06-06T21:52:16","guid":{"rendered":"https:\/\/leganzamobiliario.com\/?post_type=product&#038;p=29124"},"modified":"2025-06-06T17:10:19","modified_gmt":"2025-06-06T22:10:19","slug":"sala-en-l-gabrielle","status":"publish","type":"product","link":"https:\/\/leganzamobiliario.com\/es_co\/producto\/sala-en-l-gabrielle\/","title":{"rendered":"Sala en L Gabrielle"},"content":{"rendered":"<h3 class=\"\" data-start=\"191\" data-end=\"277\"><span style=\"vertical-align: inherit;\">\ud83d\udecb\ufe0f <\/span><strong data-start=\"199\" data-end=\"277\"><span style=\"vertical-align: inherit;\">Sala en L Modelo Gabrielle \u2013 Sala de 5 Puestos con Chaise Longue<\/span><\/strong><\/h3>\n<p class=\"\" data-start=\"279\" data-end=\"522\"><span style=\"vertical-align: inherit;\">Dale un nuevo aire a tus espacios con la <\/span><strong data-start=\"320\" data-end=\"353\"><span style=\"vertical-align: inherit;\">Sala en L Gabrielle<\/span><\/strong><span style=\"vertical-align: inherit;\">, un sala elegante, funcional y personalizado. Dise\u00f1ada bajo pedido, esta sala combina comodidad y estilo, perfecta para salas modernas, apartamentos o zonas familiares.<\/span><\/p>\n<p class=\"\" data-start=\"524\" data-end=\"693\"><span style=\"vertical-align: inherit;\">Con un dise\u00f1o tipo chaise longue (izquierda o derecha), este sala se adapta a tus necesidades de espacio y distribuci\u00f3n, ofreciendo una experiencia de descanso superior.<\/span><\/p>\n<h4 class=\"\" data-start=\"695\" data-end=\"727\"><span style=\"vertical-align: inherit;\">\ud83d\udcd0 <\/span><strong data-start=\"703\" data-end=\"727\"><span style=\"vertical-align: inherit;\">Medidas disponibles:<\/span><\/strong><\/h4>\n<ul data-start=\"728\" data-end=\"944\">\n<li class=\"\" data-start=\"728\" data-end=\"800\">\n<p class=\"\" data-start=\"730\" data-end=\"800\"><strong data-start=\"730\" data-end=\"740\"><span style=\"vertical-align: inherit;\">2,60 m<\/span><\/strong><span style=\"vertical-align: inherit;\"> de ancho total x <\/span><strong data-start=\"758\" data-end=\"768\"><span style=\"vertical-align: inherit;\">1,60 m<\/span><\/strong><span style=\"vertical-align: inherit;\"> de fondo x <\/span><strong data-start=\"780\" data-end=\"790\"><span style=\"vertical-align: inherit;\">0,80 m<\/span><\/strong><span style=\"vertical-align: inherit;\"> de alto<\/span><\/p>\n<\/li>\n<li class=\"\" data-start=\"801\" data-end=\"873\">\n<p class=\"\" data-start=\"803\" data-end=\"873\"><strong data-start=\"803\" data-end=\"813\"><span style=\"vertical-align: inherit;\">2,30 m<\/span><\/strong><span style=\"vertical-align: inherit;\"> de ancho total x <\/span><strong data-start=\"831\" data-end=\"841\"><span style=\"vertical-align: inherit;\">1,60 m<\/span><\/strong><span style=\"vertical-align: inherit;\"> de fondo x <\/span><strong data-start=\"853\" data-end=\"863\"><span style=\"vertical-align: inherit;\">0,80 m<\/span><\/strong><span style=\"vertical-align: inherit;\"> de alto<\/span><\/p>\n<\/li>\n<li class=\"\" data-start=\"874\" data-end=\"944\">\n<p class=\"\" data-start=\"876\" data-end=\"944\"><strong data-start=\"876\" data-end=\"886\"><span style=\"vertical-align: inherit;\">2,00 m<\/span><\/strong><span style=\"vertical-align: inherit;\"> de ancho total x <\/span><strong data-start=\"904\" data-end=\"914\"><span style=\"vertical-align: inherit;\">1,60 m<\/span><\/strong><span style=\"vertical-align: inherit;\"> de fondo x <\/span><strong data-start=\"926\" data-end=\"936\"><span style=\"vertical-align: inherit;\">0,80 m<\/span><\/strong><span style=\"vertical-align: inherit;\"> de alto<\/span><\/p>\n<\/li>\n<\/ul>\n<blockquote data-start=\"946\" data-end=\"1010\">\n<p class=\"\" data-start=\"948\" data-end=\"1010\"><em data-start=\"948\" data-end=\"1010\"><span style=\"vertical-align: inherit;\">Chaise longue disponible en orientaci\u00f3n izquierda o derecha.<\/span><\/em><\/p>\n<\/blockquote>\n<h4 class=\"\" data-start=\"1012\" data-end=\"1039\"><span style=\"vertical-align: inherit;\">\u2728 <\/span><strong data-start=\"1019\" data-end=\"1039\"><span style=\"vertical-align: inherit;\">Caracter\u00edsticas:<\/span><\/strong><\/h4>\n<ul data-start=\"1040\" data-end=\"1252\">\n<li class=\"\" data-start=\"1081\" data-end=\"1134\">\n<p class=\"\" data-start=\"1083\" data-end=\"1134\"><span style=\"vertical-align: inherit;\">Estructura en madera inmunizada de alta resistencia<\/span><\/p>\n<\/li>\n<li class=\"\" data-start=\"1135\" data-end=\"1179\">\n<p class=\"\" data-start=\"1137\" data-end=\"1179\"><span style=\"vertical-align: inherit;\">Espuma de alta densidad para mayor confort<\/span><\/p>\n<\/li>\n<li class=\"\" data-start=\"1180\" data-end=\"1224\">\n<p class=\"\" data-start=\"1182\" data-end=\"1224\"><span style=\"vertical-align: inherit;\">Tapizado personalizable en telas y colores<\/span><\/p>\n<\/li>\n<li class=\"\" data-start=\"1225\" data-end=\"1252\">\n<p class=\"\" data-start=\"1227\" data-end=\"1252\"><span style=\"vertical-align: inherit;\">Estilo moderno y vers\u00e1til<\/span><\/p>\n<\/li>\n<\/ul>\n<p class=\"\" data-start=\"1254\" data-end=\"1338\"><span style=\"vertical-align: inherit;\">\ud83c\udfa8 <\/span><strong data-start=\"1257\" data-end=\"1338\"><span style=\"vertical-align: inherit;\">Personal\u00edzala a tu gusto y obt\u00e9n una pieza \u00fanica hecha especialmente para ti.<\/span><\/strong><\/p>\n<table style=\"height: 42px;\" width=\"775\">\n<tbody>\n<tr>\n<td width=\"107\"><strong><span style=\"vertical-align: inherit;\">Fabricaci\u00f3n bajo pedido en 7 d\u00edas<\/span><\/strong><\/td>\n<\/tr>\n<\/tbody>\n<\/table>\n","protected":false},"excerpt":{"rendered":"<h3 class=\"\" data-start=\"191\" data-end=\"277\"><span style=\"vertical-align: inherit;\">\ud83d\udecb\ufe0f <\/span><strong data-start=\"199\" data-end=\"277\"><span style=\"vertical-align: inherit;\">Sala en L Modelo Gabrielle \u2013 Sala de 5 Puestos con Chaise Longue<\/span><\/strong><\/h3>\n<p class=\"\" data-start=\"279\" data-end=\"522\"><span style=\"vertical-align: inherit;\">Dale un nuevo aire a tus espacios con la <\/span><strong data-start=\"320\" data-end=\"353\"><span style=\"vertical-align: inherit;\">Sala en L Gabrielle<\/span><\/strong><span style=\"vertical-align: inherit;\">, un sala elegante, funcional y personalizado. Dise\u00f1ada bajo pedido, esta sala combina comodidad y estilo, perfecta para salas modernas, apartamentos o zonas familiares.<\/span><\/p>\n<p class=\"\" data-start=\"524\" data-end=\"693\"><span style=\"vertical-align: inherit;\">Con un dise\u00f1o tipo chaise longue (izquierda o derecha), este sala se adapta a tus necesidades de espacio y distribuci\u00f3n, ofreciendo una experiencia de descanso superior.<\/span><\/p>\n<h4 class=\"\" data-start=\"695\" data-end=\"727\"><span style=\"vertical-align: inherit;\">\ud83d\udcd0 <\/span><strong data-start=\"703\" data-end=\"727\"><span style=\"vertical-align: inherit;\">Medidas y Colores disponibles:<\/span><\/strong><\/h4>\n<table style=\"height: 42px;\" width=\"775\">\n<tbody>\n<tr>\n<td width=\"107\"><strong><span style=\"vertical-align: inherit;\">Fabricaci\u00f3n bajo pedido en 7 d\u00edas<\/span><\/strong><\/td>\n<\/tr>\n<\/tbody>\n<\/table>\n","protected":false},"featured_media":28704,"comment_status":"open","ping_status":"closed","template":"","meta":[],"product_brand":[],"product_cat":[57],"product_tag":[],"class_list":{"0":"post-29124","1":"product","2":"type-product","3":"status-publish","4":"has-post-thumbnail","6":"product_cat-salas","7":"pa_colores-img-chenille-azul-oscuro","8":"pa_colores-img-chenille-beige","9":"pa_colores-img-chenille-blanca","10":"pa_colores-img-chenille-gris","11":"pa_colores-img-chenille-marfil","12":"pa_colores-img-lino-gris-plata","13":"pa_colores-img-lino-gris-plomo","14":"pa_colores-img-lino-gris-salitre","15":"pa_colores-img-lino-mostaza","16":"pa_colores-img-lino-negro","17":"pa_colores-img-microfibra-azul-navy","18":"pa_colores-img-microfibra-azul-turquesa","19":"pa_colores-img-microfibra-beige-textura","20":"pa_colores-img-microfibra-bruselas","21":"pa_colores-img-microfibra-bruselas-cocoa","22":"pa_colores-img-microfibra-caramelo","23":"pa_colores-img-microfibra-celeste","24":"pa_colores-img-microfibra-grafito","25":"pa_colores-img-microfibra-grey","26":"pa_colores-img-microfibra-odin-blanca","27":"pa_colores-img-microfibra-odin-gris","28":"pa_colores-img-microfibra-peach","29":"pa_colores-img-microfibra-red","30":"pa_colores-img-microfibra-salmon","31":"pa_colores-img-microfibra-sand","32":"pa_colores-img-microfibra-taupe","33":"pa_colores-img-microfibra-terra","34":"pa_colores-img-microfibra-textura-vainilla","35":"pa_colores-img-microfibra-verde-botella","36":"pa_colores-img-microfibra-verde-oliva-textura","37":"pa_colores-img-microfibra-verde-oro","38":"pa_colores-img-verde-pino","40":"first","41":"instock","42":"shipping-taxable","43":"purchasable","44":"product-type-variable"},"_links":{"self":[{"href":"https:\/\/leganzamobiliario.com\/es_co\/wp-json\/wp\/v2\/product\/29124","targetHints":{"allow":["GET"]}}],"collection":[{"href":"https:\/\/leganzamobiliario.com\/es_co\/wp-json\/wp\/v2\/product"}],"about":[{"href":"https:\/\/leganzamobiliario.com\/es_co\/wp-json\/wp\/v2\/types\/product"}],"replies":[{"embeddable":true,"href":"https:\/\/leganzamobiliario.com\/es_co\/wp-json\/wp\/v2\/comments?post=29124"}],"version-history":[{"count":0,"href":"https:\/\/leganzamobiliario.com\/es_co\/wp-json\/wp\/v2\/product\/29124\/revisions"}],"wp:featuredmedia":[{"embeddable":true,"href":"https:\/\/leganzamobiliario.com\/es_co\/wp-json\/wp\/v2\/media\/28704"}],"wp:attachment":[{"href":"https:\/\/leganzamobiliario.com\/es_co\/wp-json\/wp\/v2\/media?parent=29124"}],"wp:term":[{"taxonomy":"product_brand","embeddable":true,"href":"https:\/\/leganzamobiliario.com\/es_co\/wp-json\/wp\/v2\/product_brand?post=29124"},{"taxonomy":"product_cat","embeddable":true,"href":"https:\/\/leganzamobiliario.com\/es_co\/wp-json\/wp\/v2\/product_cat?post=29124"},{"taxonomy":"product_tag","embeddable":true,"href":"https:\/\/leganzamobiliario.com\/es_co\/wp-json\/wp\/v2\/product_tag?post=29124"}],"curies":[{"name":"wp","href":"https:\/\/api.w.org\/{rel}","templated":true}]}}