{"id":15661,"date":"2021-08-26T12:13:00","date_gmt":"2021-08-26T12:13:00","guid":{"rendered":"http:\/\/dummy.xtemos.com\/woodmart2\/elementor\/?page_id=18"},"modified":"2025-07-26T12:07:46","modified_gmt":"2025-07-26T17:07:46","slug":"muebles-modernos-sala-bogota","status":"publish","type":"page","link":"https:\/\/leganzamobiliario.com\/es_co\/","title":{"rendered":"Muebles modernos para sala en Bogot\u00e1"},"content":{"rendered":"\t\t<div data-elementor-type=\"wp-page\" data-elementor-id=\"15661\" class=\"elementor elementor-15661\" data-elementor-post-type=\"page\">\n\t\t\t\t<div class=\"elementor-element elementor-element-e474b1a e-con-full e-flex e-con e-parent\" data-id=\"e474b1a\" data-element_type=\"container\" data-e-type=\"container\" data-settings=\"{&quot;background_background&quot;:&quot;classic&quot;}\">\n\t\t\t\t<div class=\"elementor-element elementor-element-cbf07b4 elementor-widget elementor-widget-heading\" data-id=\"cbf07b4\" data-element_type=\"widget\" data-e-type=\"widget\" data-widget_type=\"heading.default\">\n\t\t\t\t<div class=\"elementor-widget-container\">\n\t\t\t\t\t<h1 class=\"elementor-heading-title elementor-size-default\">MUEBLES MODERNOS PARA SALA EN BOGOT\u00c1<\/h1>\t\t\t\t<\/div>\n\t\t\t\t<\/div>\n\t\t\t\t\t<link rel=\"stylesheet\" id=\"wd-mod-animations-keyframes-css\" href=\"https:\/\/leganzamobiliario.com\/wp-content\/themes\/woodmart\/css\/parts\/mod-animations-keyframes.min.css?ver=8.1.2\" type=\"text\/css\" media=\"all\" \/> \t\t\t\t\t<div class=\"elementor-element elementor-element-fa42a3f elementor-headline--style-rotate elementor-widget elementor-widget-animated-headline\" data-id=\"fa42a3f\" data-element_type=\"widget\" data-e-type=\"widget\" data-settings=\"{&quot;headline_style&quot;:&quot;rotate&quot;,&quot;animation_type&quot;:&quot;slide&quot;,&quot;rotating_text&quot;:&quot;DISE\\u00d1OS EXCLUSIVOS\\nARTE COLOMBIANO\\nRESPONSABILIDAD AMBIENTAL\\nATENCI\\u00d3N PERSONALIZADA&quot;,&quot;_animation&quot;:&quot;none&quot;,&quot;rotate_iteration_delay&quot;:2040,&quot;loop&quot;:&quot;yes&quot;}\" data-widget_type=\"animated-headline.default\">\n\t\t\t\t<div class=\"elementor-widget-container\">\n\t\t\t\t\t\t\t<h2 class=\"elementor-headline elementor-headline-animation-type-slide\">\n\t\t\t\t<span class=\"elementor-headline-dynamic-wrapper elementor-headline-text-wrapper\">\n\t\t\t\t\t<span class=\"elementor-headline-dynamic-text elementor-headline-text-active\">\n\t\t\t\tDISE\u00d1OS&nbsp;EXCLUSIVOS\t\t\t<\/span>\n\t\t\t\t\t<span class=\"elementor-headline-dynamic-text\">\n\t\t\t\tARTE&nbsp;COLOMBIANO\t\t\t<\/span>\n\t\t\t\t\t<span class=\"elementor-headline-dynamic-text\">\n\t\t\t\tRESPONSABILIDAD&nbsp;AMBIENTAL\t\t\t<\/span>\n\t\t\t\t\t<span class=\"elementor-headline-dynamic-text\">\n\t\t\t\tATENCI\u00d3N&nbsp;PERSONALIZADA\t\t\t<\/span>\n\t\t\t\t\t\t<\/span>\n\t\t\t\t<\/h2>\n\t\t\t\t\t\t<\/div>\n\t\t\t\t<\/div>\n\t\t\t\t<\/div>\n\t\t<div class=\"wd-negative-gap elementor-element elementor-element-b372dc3 e-flex e-con-boxed e-con e-parent\" data-id=\"b372dc3\" data-element_type=\"container\" data-e-type=\"container\">\n\t\t\t\t\t<div class=\"e-con-inner\">\n\t\t<div class=\"elementor-element elementor-element-ed0f9ce e-con-full e-flex e-con e-child\" data-id=\"ed0f9ce\" data-element_type=\"container\" data-e-type=\"container\">\n\t\t\t\t<div class=\"elementor-element elementor-element-eb827d7 wd-width-100 elementor-widget elementor-widget-wd_title\" data-id=\"eb827d7\" data-element_type=\"widget\" data-e-type=\"widget\" data-widget_type=\"wd_title.default\">\n\t\t\t\t<div class=\"elementor-widget-container\">\n\t\t\t\t\t\t\t<div class=\"title-wrapper wd-set-mb reset-last-child wd-title-color-default wd-title-style-default wd-title-size-medium text-center\">\n\n\t\t\t\n\t\t\t<div class=\"liner-continer\">\n\t\t\t\t<h2 class=\"woodmart-title-container title wd-fontsize-xl\">DONDE EL DIS\u00d1O SE CONVIERTE EN ARTE, Y LOS MUEBLES EN ESENCIA DEL HOGAR<\/h2> \n\t\t\t\t\t\t\t<\/div>\n\n\t\t\t\t\t\t\t<div class=\"title-after_title reset-last-child wd-fontsize-s\">\n\t\t\t\t\t<p><span style=\"vertical-align: inherit\"><span style=\"vertical-align: inherit\"><span style=\"vertical-align: inherit\"><span style=\"vertical-align: inherit\">Categor\u00edas que Definen Nuestro Estilo<\/span><\/span><\/span><\/span><\/p>\t\t\t\t<\/div>\n\t\t\t\t\t<\/div>\n\t\t\t\t\t\t<\/div>\n\t\t\t\t<\/div>\n\t\t\t\t<div class=\"elementor-element elementor-element-b7ef736 color-scheme-inherit text-left elementor-widget elementor-widget-text-editor\" data-id=\"b7ef736\" data-element_type=\"widget\" data-e-type=\"widget\" data-widget_type=\"text-editor.default\">\n\t\t\t\t<div class=\"elementor-widget-container\">\n\t\t\t\t\t\t\t\t\t<p>Descubre muebles modernos para sala en bogot\u00e1, sof\u00e1s elegantes, poltronas y comedores. Compra en l\u00ednea con env\u00edo a toda Bogot\u00e1. Calidad, dise\u00f1o y confort en Leganza mobiliario.<\/p>\n<p>En Leganza Mobiliario, cada l\u00ednea de productos ha sido cuidadosamente dise\u00f1ada para ofrecer variedad, coherencia est\u00e9tica y un equilibrio perfecto entre innovaci\u00f3n y tradici\u00f3n.&nbsp;<\/p>\t\t\t\t\t\t\t\t<\/div>\n\t\t\t\t<\/div>\n\t\t\t\t<\/div>\n\t\t<div class=\"elementor-element elementor-element-09e864a e-con-full e-flex e-con e-child\" data-id=\"09e864a\" data-element_type=\"container\" data-e-type=\"container\">\n\t\t\t\t<div class=\"elementor-element elementor-element-525addc elementor--h-position-center elementor--v-position-middle elementor-arrows-position-inside elementor-pagination-position-inside elementor-widget elementor-widget-slides\" data-id=\"525addc\" data-element_type=\"widget\" data-e-type=\"widget\" data-settings=\"{&quot;autoplay_speed&quot;:2040,&quot;navigation&quot;:&quot;both&quot;,&quot;autoplay&quot;:&quot;yes&quot;,&quot;pause_on_hover&quot;:&quot;yes&quot;,&quot;pause_on_interaction&quot;:&quot;yes&quot;,&quot;infinite&quot;:&quot;yes&quot;,&quot;transition&quot;:&quot;slide&quot;,&quot;transition_speed&quot;:500}\" data-widget_type=\"slides.default\">\n\t\t\t\t<div class=\"elementor-widget-container\">\n\t\t\t\t\t\t\t\t\t<div class=\"elementor-swiper\">\n\t\t\t\t\t<div class=\"elementor-slides-wrapper elementor-main-swiper swiper\" role=\"region\" aria-roledescription=\"carousel\" aria-label=\"Slides\" dir=\"ltr\" data-animation=\"fadeInUp\">\n\t\t\t\t<div class=\"swiper-wrapper elementor-slides\">\n\t\t\t\t\t\t\t\t\t\t<div class=\"elementor-repeater-item-28e3ceb swiper-slide\" role=\"group\" aria-roledescription=\"slide\"><div class=\"swiper-slide-bg\" role=\"img\"><\/div><a class=\"swiper-slide-inner\" href=\"https:\/\/leganzamobiliario.com\/es_co\/categoria\/sofa\/\"><div class=\"swiper-slide-contents\"><div class=\"elementor-slide-heading\">Sof\u00e1 - Noveris<\/div><div class=\"elementor-slide-description\">Estilo \u00fanico para espacios modernos. <\/div><div  class=\"elementor-button elementor-slide-button elementor-size-sm\">Ver Sof\u00e1s<\/div><\/div><\/a><\/div><div class=\"elementor-repeater-item-2d1fcca swiper-slide\" role=\"group\" aria-roledescription=\"slide\"><div class=\"swiper-slide-bg\" role=\"img\"><\/div><a class=\"swiper-slide-inner\" href=\"https:\/\/leganzamobiliario.com\/es_co\/categoria\/salas\/\"><div class=\"swiper-slide-contents\"><div class=\"elementor-slide-heading\">Sala - Danesa<\/div><div class=\"elementor-slide-description\">Dise\u00f1o escandinavo con l\u00edneas c\u00e1lidas.<\/div><div  class=\"elementor-button elementor-slide-button elementor-size-sm\">Ver Salas<\/div><\/div><\/a><\/div><div class=\"elementor-repeater-item-b57a116 swiper-slide\" role=\"group\" aria-roledescription=\"slide\"><div class=\"swiper-slide-bg\" role=\"img\"><\/div><a class=\"swiper-slide-inner\" href=\"https:\/\/leganzamobiliario.com\/es_co\/categoria\/comedores\/\"><div class=\"swiper-slide-contents\"><div class=\"elementor-slide-heading\">Comedor -  Renatta<\/div><div class=\"elementor-slide-description\">Elegancia contempor\u00e1nea con personalidad \u00fanica.<\/div><div  class=\"elementor-button elementor-slide-button elementor-size-sm\">Ver Comedores<\/div><\/div><\/a><\/div>\t\t\t\t<\/div>\n\t\t\t\t\t\t\t\t\t\t\t\t\t\t\t<div class=\"elementor-swiper-button elementor-swiper-button-prev\" role=\"button\" tabindex=\"0\" aria-label=\"Diapositiva anterior\">\n\t\t\t\t\t\t\t<svg aria-hidden=\"true\" class=\"e-font-icon-svg e-eicon-chevron-left\" viewBox=\"0 0 1000 1000\" xmlns=\"http:\/\/www.w3.org\/2000\/svg\"><path d=\"M646 125C629 125 613 133 604 142L308 442C296 454 292 471 292 487 292 504 296 521 308 533L604 854C617 867 629 875 646 875 663 875 679 871 692 858 704 846 713 829 713 812 713 796 708 779 692 767L438 487 692 225C700 217 708 204 708 187 708 171 704 154 692 142 675 129 663 125 646 125Z\"><\/path><\/svg>\t\t\t\t\t\t<\/div>\n\t\t\t\t\t\t<div class=\"elementor-swiper-button elementor-swiper-button-next\" role=\"button\" tabindex=\"0\" aria-label=\"Siguiente diapositiva\">\n\t\t\t\t\t\t\t<svg aria-hidden=\"true\" class=\"e-font-icon-svg e-eicon-chevron-right\" viewBox=\"0 0 1000 1000\" xmlns=\"http:\/\/www.w3.org\/2000\/svg\"><path d=\"M696 533C708 521 713 504 713 487 713 471 708 454 696 446L400 146C388 133 375 125 354 125 338 125 325 129 313 142 300 154 292 171 292 187 292 204 296 221 308 233L563 492 304 771C292 783 288 800 288 817 288 833 296 850 308 863 321 871 338 875 354 875 371 875 388 867 400 854L696 533Z\"><\/path><\/svg>\t\t\t\t\t\t<\/div>\n\t\t\t\t\t\t\t\t\t\t\t\t\t\t\t\t<div class=\"swiper-pagination\"><\/div>\n\t\t\t\t\t\t\t\t\t\t\t\t<\/div>\n\t\t\t\t<\/div>\n\t\t\t\t\t\t\t\t<\/div>\n\t\t\t\t<\/div>\n\t\t\t\t<\/div>\n\t\t\t\t\t<\/div>\n\t\t\t\t<\/div>\n\t\t<div class=\"elementor-element elementor-element-35d0307 e-con-full e-flex e-con e-parent\" data-id=\"35d0307\" data-element_type=\"container\" data-e-type=\"container\">\n\t\t<div class=\"elementor-element elementor-element-f5f35c4 e-con-full e-flex e-con e-child\" data-id=\"f5f35c4\" data-element_type=\"container\" data-e-type=\"container\">\n\t\t\t\t<div class=\"elementor-element elementor-element-2a3e84d elementor-flip-box--3d elementor-flip-box--effect-flip elementor-flip-box--direction-up elementor-widget elementor-widget-flip-box\" data-id=\"2a3e84d\" data-element_type=\"widget\" data-e-type=\"widget\" data-widget_type=\"flip-box.default\">\n\t\t\t\t<div class=\"elementor-widget-container\">\n\t\t\t\t\t\t\t<div class=\"elementor-flip-box\" tabindex=\"0\">\n\t\t\t<div class=\"elementor-flip-box__layer elementor-flip-box__front\">\n\t\t\t\t<div class=\"elementor-flip-box__layer__overlay\">\n\t\t\t\t\t<div class=\"elementor-flip-box__layer__inner\">\n\t\t\t\t\t\t\t\t\t\t\t\t\t<div class=\"elementor-icon-wrapper elementor-view-default\">\n\t\t\t\t\t\t\t\t<div class=\"elementor-icon\">\n\t\t\t\t\t\t\t\t\t<svg class=\"e-font-icon-svg e-fas-couch\" viewBox=\"0 0 640 512\" xmlns=\"http:\/\/www.w3.org\/2000\/svg\"><path d=\"M160 224v64h320v-64c0-35.3 28.7-64 64-64h32c0-53-43-96-96-96H160c-53 0-96 43-96 96h32c35.3 0 64 28.7 64 64zm416-32h-32c-17.7 0-32 14.3-32 32v96H128v-96c0-17.7-14.3-32-32-32H64c-35.3 0-64 28.7-64 64 0 23.6 13 44 32 55.1V432c0 8.8 7.2 16 16 16h64c8.8 0 16-7.2 16-16v-16h384v16c0 8.8 7.2 16 16 16h64c8.8 0 16-7.2 16-16V311.1c19-11.1 32-31.5 32-55.1 0-35.3-28.7-64-64-64z\"><\/path><\/svg>\t\t\t\t\t\t\t\t<\/div>\n\t\t\t\t\t\t\t<\/div>\n\t\t\t\t\t\t\n\t\t\t\t\t\t\t\t\t\t\t\t\t<h2 class=\"elementor-flip-box__layer__title\">\n\t\t\t\t\t\t\t\tSala Gabrielle \t\t\t\t\t\t\t<\/h2>\n\t\t\t\t\t\t\n\t\t\t\t\t\t\t\t\t\t\t\t\t<div class=\"elementor-flip-box__layer__description\">\n\t\t\t\t\t\t\t\tElegancia en tapizado con acabado sutil.\t\t\t\t\t\t\t<\/div>\n\t\t\t\t\t\t\t\t\t\t\t<\/div>\n\t\t\t\t<\/div>\n\t\t\t<\/div>\n\t\t\t<div class=\"elementor-flip-box__layer elementor-flip-box__back\">\n\t\t\t<div class=\"elementor-flip-box__layer__overlay\">\n\t\t\t\t<div class=\"elementor-flip-box__layer__inner\">\n\t\t\t\t\t\t\t\t\t\t\t<h2 class=\"elementor-flip-box__layer__title\">\n\t\t\t\t\t\t\tSALA GABRIELLE\t\t\t\t\t\t<\/h2>\n\t\t\t\t\t\n\t\t\t\t\t\t\t\t\t\t\t<div class=\"elementor-flip-box__layer__description\">\n\t\t\t\t\t\t\tElegancia en tapizado con acabado sutil.\t\t\t\t\t\t<\/div>\n\t\t\t\t\t\n\t\t\t\t\t\t\t\t\t\t\t<a class=\"elementor-flip-box__button elementor-button elementor-size-lg\" href=\"https:\/\/leganzamobiliario.com\/es_co\/producto\/sala-en-l-gabrielle\/\">\n\t\t\t\t\t\t\tVer Sala\t\t\t\t\t\t<\/a>\n\t\t\t\t\t\t\t\t<\/div>\n\t\t<\/div>\n\t\t<\/div>\n\t\t<\/div>\n\t\t\t\t\t\t<\/div>\n\t\t\t\t<\/div>\n\t\t\t\t<\/div>\n\t\t<div class=\"elementor-element elementor-element-04b90f8 e-con-full e-flex e-con e-child\" data-id=\"04b90f8\" data-element_type=\"container\" data-e-type=\"container\">\n\t\t\t\t<div class=\"elementor-element elementor-element-b88c781 elementor-flip-box--3d elementor-flip-box--effect-flip elementor-flip-box--direction-up elementor-widget elementor-widget-flip-box\" data-id=\"b88c781\" data-element_type=\"widget\" data-e-type=\"widget\" data-widget_type=\"flip-box.default\">\n\t\t\t\t<div class=\"elementor-widget-container\">\n\t\t\t\t\t\t\t<div class=\"elementor-flip-box\" tabindex=\"0\">\n\t\t\t<div class=\"elementor-flip-box__layer elementor-flip-box__front\">\n\t\t\t\t<div class=\"elementor-flip-box__layer__overlay\">\n\t\t\t\t\t<div class=\"elementor-flip-box__layer__inner\">\n\t\t\t\t\t\t\t\t\t\t\t\t\t<div class=\"elementor-icon-wrapper elementor-view-default\">\n\t\t\t\t\t\t\t\t<div class=\"elementor-icon\">\n\t\t\t\t\t\t\t\t\t<svg class=\"e-font-icon-svg e-fas-couch\" viewBox=\"0 0 640 512\" xmlns=\"http:\/\/www.w3.org\/2000\/svg\"><path d=\"M160 224v64h320v-64c0-35.3 28.7-64 64-64h32c0-53-43-96-96-96H160c-53 0-96 43-96 96h32c35.3 0 64 28.7 64 64zm416-32h-32c-17.7 0-32 14.3-32 32v96H128v-96c0-17.7-14.3-32-32-32H64c-35.3 0-64 28.7-64 64 0 23.6 13 44 32 55.1V432c0 8.8 7.2 16 16 16h64c8.8 0 16-7.2 16-16v-16h384v16c0 8.8 7.2 16 16 16h64c8.8 0 16-7.2 16-16V311.1c19-11.1 32-31.5 32-55.1 0-35.3-28.7-64-64-64z\"><\/path><\/svg>\t\t\t\t\t\t\t\t<\/div>\n\t\t\t\t\t\t\t<\/div>\n\t\t\t\t\t\t\n\t\t\t\t\t\t\t\t\t\t\t\t\t<h2 class=\"elementor-flip-box__layer__title\">\n\t\t\t\t\t\t\t\tSof\u00e1 Noveris\t\t\t\t\t\t\t<\/h2>\n\t\t\t\t\t\t\n\t\t\t\t\t\t\t\t\t\t\t\t\t<div class=\"elementor-flip-box__layer__description\">\n\t\t\t\t\t\t\t\tConfort premium en cuero genuino. \t\t\t\t\t\t\t<\/div>\n\t\t\t\t\t\t\t\t\t\t\t<\/div>\n\t\t\t\t<\/div>\n\t\t\t<\/div>\n\t\t\t<div class=\"elementor-flip-box__layer elementor-flip-box__back\">\n\t\t\t<div class=\"elementor-flip-box__layer__overlay\">\n\t\t\t\t<div class=\"elementor-flip-box__layer__inner\">\n\t\t\t\t\t\t\t\t\t\t\t<h2 class=\"elementor-flip-box__layer__title\">\n\t\t\t\t\t\t\tSof\u00e1 Noveris\t\t\t\t\t\t<\/h2>\n\t\t\t\t\t\n\t\t\t\t\t\t\t\t\t\t\t<div class=\"elementor-flip-box__layer__description\">\n\t\t\t\t\t\t\tConfort premium en cuero genuino. \t\t\t\t\t\t<\/div>\n\t\t\t\t\t\n\t\t\t\t\t\t\t\t\t\t\t<a class=\"elementor-flip-box__button elementor-button elementor-size-lg\" href=\"https:\/\/leganzamobiliario.com\/es_co\/producto\/sofa-noveris\/\">\n\t\t\t\t\t\t\tVer Sof\u00e1\t\t\t\t\t\t<\/a>\n\t\t\t\t\t\t\t\t<\/div>\n\t\t<\/div>\n\t\t<\/div>\n\t\t<\/div>\n\t\t\t\t\t\t<\/div>\n\t\t\t\t<\/div>\n\t\t\t\t<\/div>\n\t\t\t\t<\/div>\n\t\t<div class=\"wd-negative-gap elementor-element elementor-element-4bbb14c wd-section-stretch e-flex e-con-boxed e-con e-parent\" data-id=\"4bbb14c\" data-element_type=\"container\" data-e-type=\"container\" data-settings=\"{&quot;background_background&quot;:&quot;classic&quot;}\">\n\t\t\t\t\t<div class=\"e-con-inner\">\n\t\t\t\t<div class=\"elementor-element elementor-element-c5307a0 wd-width-100 elementor-widget elementor-widget-wd_title\" data-id=\"c5307a0\" data-element_type=\"widget\" data-e-type=\"widget\" data-widget_type=\"wd_title.default\">\n\t\t\t\t<div class=\"elementor-widget-container\">\n\t\t\t\t\t\t\t<div class=\"title-wrapper wd-set-mb reset-last-child wd-title-color-default wd-title-style-default wd-title-size-medium text-center\">\n\n\t\t\t\t\t\t\t\t\t\t\t<div class=\"title-subtitle subtitle-color-default subtitle-style-default wd-fontsize-xs\">\n\t\t\t\t\tMuebles Elegantes en Bogot\u00e1\t\t\t\t<\/div>\n\t\t\t\n\t\t\t<div class=\"liner-continer\">\n\t\t\t\t<h2 class=\"woodmart-title-container title wd-fontsize-xl\">PRODUCTOS DESTACADOS<\/h2> \n\t\t\t\t\t\t\t<\/div>\n\n\t\t\t\t\t\t\t<div class=\"title-after_title reset-last-child wd-fontsize-s\">\n\t\t\t\t\t<p>Escribenos al WhatsApp para conocer m\u00e1s sobre las salas modernas que tenemos en Bogot\u00e1 o nuestros productos de la<\/p>\t\t\t\t<\/div>\n\t\t\t\t\t<\/div>\n\t\t\t\t\t\t<\/div>\n\t\t\t\t<\/div>\n\t\t\t\t<div class=\"elementor-element elementor-element-bd08a1e elementor-widget elementor-widget-wd_products_tabs\" data-id=\"bd08a1e\" data-element_type=\"widget\" data-e-type=\"widget\" data-widget_type=\"wd_products_tabs.default\">\n\t\t\t\t<div class=\"elementor-widget-container\">\n\t\t\t\t\t\t\t<div class=\"wd-tabs wd-products-tabs tabs-design-default\">\n\t\t\t<div class=\"wd-tabs-header text-center\">\n\t\t\t\t\n\t\t\t\t\n\t\t\t\t<div class=\"wd-nav-wrapper wd-nav-tabs-wrapper tabs-navigation-wrapper\">\n\n\t\t\t\t\t<ul class=\"wd-nav wd-nav-tabs products-tabs-title wd-style-underline wd-icon-pos-top\">\n\t\t\t\t\t\t\t\t\t\t\t\t\t\n\t\t\t\t\t\t\t<li data-atts=\"{&quot;layout&quot;:&quot;grid&quot;,&quot;pagination&quot;:&quot;arrows&quot;,&quot;pagination_arrows_position&quot;:null,&quot;items_per_page&quot;:&quot;8&quot;,&quot;spacing&quot;:&quot;20&quot;,&quot;spacing_tablet&quot;:&quot;&quot;,&quot;spacing_mobile&quot;:&quot;&quot;,&quot;columns&quot;:{&quot;unit&quot;:&quot;px&quot;,&quot;size&quot;:4,&quot;sizes&quot;:[]},&quot;products_masonry&quot;:&quot;&quot;,&quot;products_different_sizes&quot;:&quot;&quot;,&quot;product_quantity&quot;:&quot;&quot;,&quot;product_hover&quot;:&quot;inherit&quot;,&quot;sale_countdown&quot;:&quot;0&quot;,&quot;stretch_product_tablet&quot;:0,&quot;stretch_product_mobile&quot;:0,&quot;stock_progress_bar&quot;:&quot;0&quot;,&quot;highlighted_products&quot;:0,&quot;products_divider&quot;:null,&quot;products_bordered_grid&quot;:&quot;1&quot;,&quot;products_bordered_grid_style&quot;:&quot;inside&quot;,&quot;products_with_background&quot;:&quot;0&quot;,&quot;products_shadow&quot;:&quot;0&quot;,&quot;products_color_scheme&quot;:&quot;default&quot;,&quot;img_size&quot;:&quot;medium&quot;,&quot;elementor&quot;:true,&quot;sync_parent_id&quot;:null,&quot;wrap&quot;:null,&quot;autoheight&quot;:null,&quot;slides_per_view&quot;:null,&quot;scroll_per_page&quot;:null,&quot;center_mode&quot;:null,&quot;autoplay&quot;:null,&quot;speed&quot;:null,&quot;scroll_carousel_init&quot;:null,&quot;disable_overflow_carousel&quot;:null,&quot;hide_prev_next_buttons&quot;:null,&quot;carousel_arrows_position&quot;:null,&quot;hide_pagination_control&quot;:null,&quot;dynamic_pagination_control&quot;:null,&quot;hide_scrollbar&quot;:null,&quot;carousel_sync&quot;:null,&quot;sync_child_id&quot;:null,&quot;img_size_custom&quot;:null,&quot;stretch_product&quot;:null,&quot;grid_gallery&quot;:&quot;&quot;,&quot;grid_gallery_control&quot;:null,&quot;grid_gallery_enable_arrows&quot;:null,&quot;lazy_loading&quot;:&quot;no&quot;,&quot;post_type&quot;:&quot;product&quot;,&quot;ajax_recently_viewed&quot;:null,&quot;include&quot;:null,&quot;taxonomies&quot;:&quot;&quot;,&quot;orderby&quot;:&quot;&quot;,&quot;offset&quot;:&quot;&quot;,&quot;query_type&quot;:&quot;OR&quot;,&quot;order&quot;:&quot;&quot;,&quot;hide_out_of_stock&quot;:&quot;no&quot;,&quot;meta_key&quot;:null,&quot;exclude&quot;:&quot;&quot;}\" class=\" wd-active\">\n\t\t\t\t\t\t\t\t<a href=\"#\" class=\"wd-nav-link\">\n\t\t\t\t\t\t\t\t\t\n\t\t\t\t\t\t\t\t\t<span class=\"tab-label nav-link-text\">\n\t\t\t\t\t\t\t\t\t\tLOS M\u00c1S VENDIDOS\t\t\t\t\t\t\t\t\t<\/span>\n\t\t\t\t\t\t\t\t<\/a>\n\t\t\t\t\t\t\t<\/li>\n\t\t\t\t\t\t\t\t\t\t\t\t\t\n\t\t\t\t\t\t\t<li data-atts=\"{&quot;layout&quot;:&quot;grid&quot;,&quot;pagination&quot;:&quot;arrows&quot;,&quot;pagination_arrows_position&quot;:null,&quot;items_per_page&quot;:&quot;8&quot;,&quot;spacing&quot;:&quot;20&quot;,&quot;spacing_tablet&quot;:&quot;&quot;,&quot;spacing_mobile&quot;:&quot;&quot;,&quot;columns&quot;:{&quot;unit&quot;:&quot;px&quot;,&quot;size&quot;:4,&quot;sizes&quot;:[]},&quot;products_masonry&quot;:&quot;&quot;,&quot;products_different_sizes&quot;:&quot;&quot;,&quot;product_quantity&quot;:&quot;&quot;,&quot;product_hover&quot;:&quot;inherit&quot;,&quot;sale_countdown&quot;:&quot;0&quot;,&quot;stretch_product_tablet&quot;:0,&quot;stretch_product_mobile&quot;:0,&quot;stock_progress_bar&quot;:&quot;0&quot;,&quot;highlighted_products&quot;:0,&quot;products_divider&quot;:null,&quot;products_bordered_grid&quot;:&quot;1&quot;,&quot;products_bordered_grid_style&quot;:&quot;inside&quot;,&quot;products_with_background&quot;:&quot;0&quot;,&quot;products_shadow&quot;:&quot;0&quot;,&quot;products_color_scheme&quot;:&quot;default&quot;,&quot;img_size&quot;:&quot;medium&quot;,&quot;elementor&quot;:true,&quot;sync_parent_id&quot;:null,&quot;wrap&quot;:null,&quot;autoheight&quot;:null,&quot;slides_per_view&quot;:null,&quot;scroll_per_page&quot;:null,&quot;center_mode&quot;:null,&quot;autoplay&quot;:null,&quot;speed&quot;:null,&quot;scroll_carousel_init&quot;:null,&quot;disable_overflow_carousel&quot;:null,&quot;hide_prev_next_buttons&quot;:null,&quot;carousel_arrows_position&quot;:null,&quot;hide_pagination_control&quot;:null,&quot;dynamic_pagination_control&quot;:null,&quot;hide_scrollbar&quot;:null,&quot;carousel_sync&quot;:null,&quot;sync_child_id&quot;:null,&quot;img_size_custom&quot;:null,&quot;stretch_product&quot;:null,&quot;grid_gallery&quot;:&quot;&quot;,&quot;grid_gallery_control&quot;:null,&quot;grid_gallery_enable_arrows&quot;:null,&quot;lazy_loading&quot;:&quot;no&quot;,&quot;post_type&quot;:&quot;product&quot;,&quot;ajax_recently_viewed&quot;:null,&quot;include&quot;:null,&quot;taxonomies&quot;:&quot;&quot;,&quot;orderby&quot;:&quot;&quot;,&quot;offset&quot;:&quot;&quot;,&quot;query_type&quot;:&quot;OR&quot;,&quot;order&quot;:&quot;&quot;,&quot;hide_out_of_stock&quot;:&quot;no&quot;,&quot;meta_key&quot;:null,&quot;exclude&quot;:&quot;&quot;}\" class=\"\">\n\t\t\t\t\t\t\t\t<a href=\"#\" class=\"wd-nav-link\">\n\t\t\t\t\t\t\t\t\t\n\t\t\t\t\t\t\t\t\t<span class=\"tab-label nav-link-text\">\n\t\t\t\t\t\t\t\t\t\tOFRECIDOS\t\t\t\t\t\t\t\t\t<\/span>\n\t\t\t\t\t\t\t\t<\/a>\n\t\t\t\t\t\t\t<\/li>\n\t\t\t\t\t\t\t\t\t\t\t\t\t\n\t\t\t\t\t\t\t<li data-atts=\"{&quot;layout&quot;:&quot;grid&quot;,&quot;pagination&quot;:&quot;arrows&quot;,&quot;pagination_arrows_position&quot;:null,&quot;items_per_page&quot;:&quot;8&quot;,&quot;spacing&quot;:&quot;20&quot;,&quot;spacing_tablet&quot;:&quot;&quot;,&quot;spacing_mobile&quot;:&quot;&quot;,&quot;columns&quot;:{&quot;unit&quot;:&quot;px&quot;,&quot;size&quot;:4,&quot;sizes&quot;:[]},&quot;products_masonry&quot;:&quot;&quot;,&quot;products_different_sizes&quot;:&quot;&quot;,&quot;product_quantity&quot;:&quot;&quot;,&quot;product_hover&quot;:&quot;inherit&quot;,&quot;sale_countdown&quot;:&quot;0&quot;,&quot;stretch_product_tablet&quot;:0,&quot;stretch_product_mobile&quot;:0,&quot;stock_progress_bar&quot;:&quot;0&quot;,&quot;highlighted_products&quot;:0,&quot;products_divider&quot;:null,&quot;products_bordered_grid&quot;:&quot;1&quot;,&quot;products_bordered_grid_style&quot;:&quot;inside&quot;,&quot;products_with_background&quot;:&quot;0&quot;,&quot;products_shadow&quot;:&quot;0&quot;,&quot;products_color_scheme&quot;:&quot;default&quot;,&quot;img_size&quot;:&quot;medium&quot;,&quot;elementor&quot;:true,&quot;sync_parent_id&quot;:null,&quot;wrap&quot;:null,&quot;autoheight&quot;:null,&quot;slides_per_view&quot;:null,&quot;scroll_per_page&quot;:null,&quot;center_mode&quot;:null,&quot;autoplay&quot;:null,&quot;speed&quot;:null,&quot;scroll_carousel_init&quot;:null,&quot;disable_overflow_carousel&quot;:null,&quot;hide_prev_next_buttons&quot;:null,&quot;carousel_arrows_position&quot;:null,&quot;hide_pagination_control&quot;:null,&quot;dynamic_pagination_control&quot;:null,&quot;hide_scrollbar&quot;:null,&quot;carousel_sync&quot;:null,&quot;sync_child_id&quot;:null,&quot;img_size_custom&quot;:null,&quot;stretch_product&quot;:null,&quot;grid_gallery&quot;:&quot;&quot;,&quot;grid_gallery_control&quot;:null,&quot;grid_gallery_enable_arrows&quot;:null,&quot;lazy_loading&quot;:&quot;no&quot;,&quot;post_type&quot;:&quot;product&quot;,&quot;ajax_recently_viewed&quot;:null,&quot;include&quot;:null,&quot;taxonomies&quot;:&quot;&quot;,&quot;orderby&quot;:&quot;&quot;,&quot;offset&quot;:&quot;&quot;,&quot;query_type&quot;:&quot;OR&quot;,&quot;order&quot;:&quot;&quot;,&quot;hide_out_of_stock&quot;:&quot;no&quot;,&quot;meta_key&quot;:null,&quot;exclude&quot;:&quot;&quot;}\" class=\"\">\n\t\t\t\t\t\t\t\t<a href=\"#\" class=\"wd-nav-link\">\n\t\t\t\t\t\t\t\t\t\n\t\t\t\t\t\t\t\t\t<span class=\"tab-label nav-link-text\">\n\t\t\t\t\t\t\t\t\t\tOFERTAS\t\t\t\t\t\t\t\t\t<\/span>\n\t\t\t\t\t\t\t\t<\/a>\n\t\t\t\t\t\t\t<\/li>\n\t\t\t\t\t\t\t\t\t\t\t<\/ul>\n\t\t\t\t<\/div>\n\t\t\t<\/div>\n\n\t\t\t\t\t\t\t\t\t\t\t\t<div class=\"wd-tabs-content-wrapper\">\n\t\t\t\t\t<div class=\"wd-sticky-loader\"><span class=\"wd-loader\"><\/span><\/div>\n\t\t\t\t\n\t\t\t\t\t\t\t<div class=\"wd-products-element wd-tab-content wd-active wd-in\">\n\n\t\t\t\n\t\t\t\t\t\t\t\t\t\t\t\t\t<div class=\"wd-sticky-loader\"><span class=\"wd-loader\"><\/span><\/div>\n\t\t\t\t\t\n\t\t\t\n\t\t\t\n\t\t\t<div class=\"products wd-products pagination-arrows grid-columns-4 elements-grid products-bordered-grid-ins grid-masonry wd-grid-f-col\" data-paged=\"1\" data-atts=\"{&quot;speed&quot;:null,&quot;slides_per_view&quot;:null,&quot;wrap&quot;:null,&quot;autoplay&quot;:null,&quot;autoheight&quot;:null,&quot;hide_pagination_control&quot;:null,&quot;dynamic_pagination_control&quot;:null,&quot;hide_prev_next_buttons&quot;:null,&quot;carousel_arrows_position&quot;:null,&quot;hide_scrollbar&quot;:null,&quot;scroll_per_page&quot;:null,&quot;center_mode&quot;:null,&quot;carousel_sync&quot;:null,&quot;sync_parent_id&quot;:null,&quot;sync_child_id&quot;:null,&quot;scroll_carousel_init&quot;:null,&quot;disable_overflow_carousel&quot;:null,&quot;include&quot;:null,&quot;meta_key&quot;:null,&quot;ajax_recently_viewed&quot;:null,&quot;pagination&quot;:&quot;arrows&quot;,&quot;pagination_arrows_position&quot;:null,&quot;items_per_page&quot;:&quot;8&quot;,&quot;columns&quot;:{&quot;unit&quot;:&quot;px&quot;,&quot;size&quot;:4,&quot;sizes&quot;:[]},&quot;products_masonry&quot;:&quot;&quot;,&quot;products_different_sizes&quot;:&quot;&quot;,&quot;product_quantity&quot;:&quot;&quot;,&quot;sale_countdown&quot;:&quot;0&quot;,&quot;stretch_product&quot;:null,&quot;stock_progress_bar&quot;:&quot;0&quot;,&quot;products_divider&quot;:null,&quot;products_bordered_grid&quot;:&quot;1&quot;,&quot;products_bordered_grid_style&quot;:&quot;inside&quot;,&quot;products_with_background&quot;:&quot;0&quot;,&quot;products_shadow&quot;:&quot;0&quot;,&quot;img_size&quot;:&quot;medium&quot;,&quot;img_size_custom&quot;:null,&quot;grid_gallery_control&quot;:null,&quot;grid_gallery_enable_arrows&quot;:null,&quot;force_not_ajax&quot;:&quot;no&quot;,&quot;wrapper_classes&quot;:&quot; wd-tab-content wd-active wd-in&quot;,&quot;elementor&quot;:true}\" data-source=\"shortcode\" data-columns=\"4\" data-grid-gallery=\"\" style=\"--wd-col-lg:4;--wd-col-md:4;--wd-col-sm:2;--wd-gap-lg:20px;--wd-gap-sm:10px;\">\n\t\t\n\t\t\t\t\t\t\t\t<div class=\"wd-product wd-hover-icons wd-col product-grid-item product type-product post-32686 status-publish instock product_cat-sofa has-post-thumbnail shipping-taxable purchasable product-type-variable\" data-loop=\"1\" data-id=\"32686\">\n\t\n\t<div class=\"product-wrapper\">\n\t<div class=\"product-element-top wd-quick-shop\">\n\t\t<a href=\"https:\/\/leganzamobiliario.com\/es_co\/producto\/sofa-reclinable-noestress\/\" class=\"product-image-link\">\n\t\t\t<img fetchpriority=\"high\" decoding=\"async\" width=\"300\" height=\"300\" src=\"https:\/\/leganzamobiliario.com\/wp-content\/uploads\/2025\/06\/Sofa-Noestress-300x300.png\" class=\"attachment-medium size-medium\" alt=\"Sof\u00e1 Noestress\" srcset=\"https:\/\/leganzamobiliario.com\/wp-content\/uploads\/2025\/06\/Sofa-Noestress-300x300.png 300w, https:\/\/leganzamobiliario.com\/wp-content\/uploads\/2025\/06\/Sofa-Noestress-150x150.png 150w, https:\/\/leganzamobiliario.com\/wp-content\/uploads\/2025\/06\/Sofa-Noestress-768x768.png 768w, https:\/\/leganzamobiliario.com\/wp-content\/uploads\/2025\/06\/Sofa-Noestress-430x430.png 430w, https:\/\/leganzamobiliario.com\/wp-content\/uploads\/2025\/06\/Sofa-Noestress-700x700.png 700w, https:\/\/leganzamobiliario.com\/wp-content\/uploads\/2025\/06\/Sofa-Noestress.png 800w\" sizes=\"(max-width: 300px) 100vw, 300px\" \/>\t\t<\/a>\n\n\t\t\n\t\t<div class=\"wrapp-buttons\">\n\t\t\t<div class=\"wd-buttons\">\n\t\t\t\t<div class=\"wd-add-btn wd-action-btn wd-style-icon wd-add-cart-icon\"><a href=\"https:\/\/leganzamobiliario.com\/es_co\/producto\/sofa-reclinable-noestress\/\" aria-describedby=\"woocommerce_loop_add_to_cart_link_describedby_32686\" data-quantity=\"1\" class=\"button product_type_variable add_to_cart_button cfvsw_ajax_add_to_cart add-to-cart-loop\" data-product_id=\"32686\" data-product_sku=\"\" aria-label=\"Elige las opciones para &ldquo;Sof\u00e1 Reclinable Noestress&rdquo;\" rel=\"nofollow\" data-add_to_cart_text=\"Add to Cart\" data-select_options_text=\"Seleccionar opciones\"><span>Seleccionar opciones<\/span><\/a>\t<span id=\"woocommerce_loop_add_to_cart_link_describedby_32686\" class=\"screen-reader-text\">\n\t\tEste producto tiene m\u00faltiples variantes. Las opciones se pueden elegir en la p\u00e1gina de producto\t<\/span>\n<\/div>\n\t\t\t\t\t\t\t\t\t\t\t\t\t\t<div class=\"quick-view wd-action-btn wd-style-icon wd-quick-view-icon\">\n\t\t\t<a\n\t\t\t\thref=\"https:\/\/leganzamobiliario.com\/es_co\/producto\/sofa-reclinable-noestress\/\"\n\t\t\t\tclass=\"open-quick-view quick-view-button\"\n\t\t\t\trel=\"nofollow\"\n\t\t\t\tdata-id=\"32686\"\n\t\t\t\t>Quick view<\/a>\n\t\t<\/div>\n\t\t\t\t\t\t\t\t<div class=\"wd-compare-btn product-compare-button wd-action-btn wd-style-icon wd-compare-icon\">\n\t\t\t<a href=\"https:\/\/leganzamobiliario.com\/es_co\/compare\/\" data-id=\"32686\" rel=\"nofollow\" data-added-text=\"Compare products\">\n\t\t\t\t<span>Add to compare<\/span>\n\t\t\t<\/a>\n\t\t<\/div>\n\t\t\t\t\t\t\t\t\t<div class=\"wd-wishlist-btn wd-action-btn wd-style-icon wd-wishlist-icon\">\n\t\t\t\t<a class=\"\" href=\"https:\/\/leganzamobiliario.com\/es_co\/wishlist\/\" data-key=\"b5a3aae2c4\" data-product-id=\"32686\" rel=\"nofollow\" data-added-text=\"Browse Wishlist\">\n\t\t\t\t\t<span>Add to wishlist<\/span>\n\t\t\t\t<\/a>\n\t\t\t<\/div>\n\t\t\t\t\t<\/div> \n\t\t<\/div>\n\t<\/div>\n\t\t\t\t\t<h3 class=\"wd-entities-title\"><a href=\"https:\/\/leganzamobiliario.com\/es_co\/producto\/sofa-reclinable-noestress\/\">Sof\u00e1 Reclinable Noestress<\/a><\/h3>\t\t\t\t<div class=\"wd-product-cats\">\n\t\t\t<a href=\"https:\/\/leganzamobiliario.com\/es_co\/categoria\/sofa\/\" rel=\"tag\">Sof\u00e1<\/a>\t\t<\/div>\n\t\t\t\t\t\t\n\t<span class=\"price\"><span class=\"price\">Desde <span class=\"woocommerce-Price-amount amount\"><bdi><span class=\"woocommerce-Price-currencySymbol\">&#36;<\/span>&nbsp;3.680.000<\/bdi><\/span><\/span><\/span>\n\n\t\t\n\t\t\n\t\t\t<\/div>\n<\/div>\n\t\t\t\t\t\t\t\t<div class=\"wd-product wd-hover-icons wd-col product-grid-item product type-product post-32620 status-publish last instock product_cat-sofa has-post-thumbnail shipping-taxable purchasable product-type-variable\" data-loop=\"2\" data-id=\"32620\">\n\t\n\t<div class=\"product-wrapper\">\n\t<div class=\"product-element-top wd-quick-shop\">\n\t\t<a href=\"https:\/\/leganzamobiliario.com\/es_co\/producto\/sofa-reclinable-sereniti\/\" class=\"product-image-link\">\n\t\t\t<img decoding=\"async\" width=\"300\" height=\"300\" src=\"https:\/\/leganzamobiliario.com\/wp-content\/uploads\/2025\/06\/Sofa-Sereniti-300x300.png\" class=\"attachment-medium size-medium\" alt=\"Sof\u00e1 Sereniti\" srcset=\"https:\/\/leganzamobiliario.com\/wp-content\/uploads\/2025\/06\/Sofa-Sereniti-300x300.png 300w, https:\/\/leganzamobiliario.com\/wp-content\/uploads\/2025\/06\/Sofa-Sereniti-150x150.png 150w, https:\/\/leganzamobiliario.com\/wp-content\/uploads\/2025\/06\/Sofa-Sereniti-768x768.png 768w, https:\/\/leganzamobiliario.com\/wp-content\/uploads\/2025\/06\/Sofa-Sereniti-430x430.png 430w, https:\/\/leganzamobiliario.com\/wp-content\/uploads\/2025\/06\/Sofa-Sereniti-700x700.png 700w, https:\/\/leganzamobiliario.com\/wp-content\/uploads\/2025\/06\/Sofa-Sereniti.png 800w\" sizes=\"(max-width: 300px) 100vw, 300px\" \/>\t\t<\/a>\n\n\t\t\n\t\t<div class=\"wrapp-buttons\">\n\t\t\t<div class=\"wd-buttons\">\n\t\t\t\t<div class=\"wd-add-btn wd-action-btn wd-style-icon wd-add-cart-icon\"><a href=\"https:\/\/leganzamobiliario.com\/es_co\/producto\/sofa-reclinable-sereniti\/\" aria-describedby=\"woocommerce_loop_add_to_cart_link_describedby_32620\" data-quantity=\"1\" class=\"button product_type_variable add_to_cart_button cfvsw_ajax_add_to_cart add-to-cart-loop\" data-product_id=\"32620\" data-product_sku=\"\" aria-label=\"Elige las opciones para &ldquo;Sof\u00e1 Reclinable Sereniti&rdquo;\" rel=\"nofollow\" data-add_to_cart_text=\"Add to Cart\" data-select_options_text=\"Seleccionar opciones\"><span>Seleccionar opciones<\/span><\/a>\t<span id=\"woocommerce_loop_add_to_cart_link_describedby_32620\" class=\"screen-reader-text\">\n\t\tEste producto tiene m\u00faltiples variantes. Las opciones se pueden elegir en la p\u00e1gina de producto\t<\/span>\n<\/div>\n\t\t\t\t\t\t\t\t\t\t\t\t\t\t<div class=\"quick-view wd-action-btn wd-style-icon wd-quick-view-icon\">\n\t\t\t<a\n\t\t\t\thref=\"https:\/\/leganzamobiliario.com\/es_co\/producto\/sofa-reclinable-sereniti\/\"\n\t\t\t\tclass=\"open-quick-view quick-view-button\"\n\t\t\t\trel=\"nofollow\"\n\t\t\t\tdata-id=\"32620\"\n\t\t\t\t>Quick view<\/a>\n\t\t<\/div>\n\t\t\t\t\t\t\t\t<div class=\"wd-compare-btn product-compare-button wd-action-btn wd-style-icon wd-compare-icon\">\n\t\t\t<a href=\"https:\/\/leganzamobiliario.com\/es_co\/compare\/\" data-id=\"32620\" rel=\"nofollow\" data-added-text=\"Compare products\">\n\t\t\t\t<span>Add to compare<\/span>\n\t\t\t<\/a>\n\t\t<\/div>\n\t\t\t\t\t\t\t\t\t<div class=\"wd-wishlist-btn wd-action-btn wd-style-icon wd-wishlist-icon\">\n\t\t\t\t<a class=\"\" href=\"https:\/\/leganzamobiliario.com\/es_co\/wishlist\/\" data-key=\"b5a3aae2c4\" data-product-id=\"32620\" rel=\"nofollow\" data-added-text=\"Browse Wishlist\">\n\t\t\t\t\t<span>Add to wishlist<\/span>\n\t\t\t\t<\/a>\n\t\t\t<\/div>\n\t\t\t\t\t<\/div> \n\t\t<\/div>\n\t<\/div>\n\t\t\t\t\t<h3 class=\"wd-entities-title\"><a href=\"https:\/\/leganzamobiliario.com\/es_co\/producto\/sofa-reclinable-sereniti\/\">Sof\u00e1 Reclinable Sereniti<\/a><\/h3>\t\t\t\t<div class=\"wd-product-cats\">\n\t\t\t<a href=\"https:\/\/leganzamobiliario.com\/es_co\/categoria\/sofa\/\" rel=\"tag\">Sof\u00e1<\/a>\t\t<\/div>\n\t\t\t\t\t\t\n\t<span class=\"price\"><span class=\"price\">Desde <span class=\"woocommerce-Price-amount amount\"><bdi><span class=\"woocommerce-Price-currencySymbol\">&#36;<\/span>&nbsp;3.485.000<\/bdi><\/span><\/span><\/span>\n\n\t\t\n\t\t\n\t\t\t<\/div>\n<\/div>\n\t\t\t\t\t\t\t\t<div class=\"wd-product wd-hover-icons wd-col product-grid-item product type-product post-32554 status-publish first instock product_cat-sofa has-post-thumbnail shipping-taxable purchasable product-type-variable\" data-loop=\"3\" data-id=\"32554\">\n\t\n\t<div class=\"product-wrapper\">\n\t<div class=\"product-element-top wd-quick-shop\">\n\t\t<a href=\"https:\/\/leganzamobiliario.com\/es_co\/producto\/sofa-reclinable-siesta\/\" class=\"product-image-link\">\n\t\t\t<img decoding=\"async\" width=\"300\" height=\"300\" src=\"https:\/\/leganzamobiliario.com\/wp-content\/uploads\/2025\/06\/Sofa-Reclinable-Siesta-300x300.png\" class=\"attachment-medium size-medium\" alt=\"Sof\u00e1 Reclinable Siesta\" srcset=\"https:\/\/leganzamobiliario.com\/wp-content\/uploads\/2025\/06\/Sofa-Reclinable-Siesta-300x300.png 300w, https:\/\/leganzamobiliario.com\/wp-content\/uploads\/2025\/06\/Sofa-Reclinable-Siesta-150x150.png 150w, https:\/\/leganzamobiliario.com\/wp-content\/uploads\/2025\/06\/Sofa-Reclinable-Siesta-768x768.png 768w, https:\/\/leganzamobiliario.com\/wp-content\/uploads\/2025\/06\/Sofa-Reclinable-Siesta-430x430.png 430w, https:\/\/leganzamobiliario.com\/wp-content\/uploads\/2025\/06\/Sofa-Reclinable-Siesta-700x700.png 700w, https:\/\/leganzamobiliario.com\/wp-content\/uploads\/2025\/06\/Sofa-Reclinable-Siesta.png 800w\" sizes=\"(max-width: 300px) 100vw, 300px\" \/>\t\t<\/a>\n\n\t\t\t\t\t<div class=\"hover-img\">\n\t\t\t\t<a href=\"https:\/\/leganzamobiliario.com\/es_co\/producto\/sofa-reclinable-siesta\/\" aria-label=\"Product image\">\n\t\t\t\t\t<img loading=\"lazy\" decoding=\"async\" width=\"300\" height=\"300\" src=\"https:\/\/leganzamobiliario.com\/wp-content\/uploads\/2025\/06\/Sofa-Reclinable-Siesta2-300x300.png\" class=\"attachment-medium size-medium\" alt=\"\" srcset=\"https:\/\/leganzamobiliario.com\/wp-content\/uploads\/2025\/06\/Sofa-Reclinable-Siesta2-300x300.png 300w, https:\/\/leganzamobiliario.com\/wp-content\/uploads\/2025\/06\/Sofa-Reclinable-Siesta2-150x150.png 150w, https:\/\/leganzamobiliario.com\/wp-content\/uploads\/2025\/06\/Sofa-Reclinable-Siesta2-768x768.png 768w, https:\/\/leganzamobiliario.com\/wp-content\/uploads\/2025\/06\/Sofa-Reclinable-Siesta2-430x430.png 430w, https:\/\/leganzamobiliario.com\/wp-content\/uploads\/2025\/06\/Sofa-Reclinable-Siesta2-700x700.png 700w, https:\/\/leganzamobiliario.com\/wp-content\/uploads\/2025\/06\/Sofa-Reclinable-Siesta2.png 800w\" sizes=\"(max-width: 300px) 100vw, 300px\" \/>\t\t\t\t<\/a>\n\t\t\t<\/div>\n\t\t\t\n\t\t<div class=\"wrapp-buttons\">\n\t\t\t<div class=\"wd-buttons\">\n\t\t\t\t<div class=\"wd-add-btn wd-action-btn wd-style-icon wd-add-cart-icon\"><a href=\"https:\/\/leganzamobiliario.com\/es_co\/producto\/sofa-reclinable-siesta\/\" aria-describedby=\"woocommerce_loop_add_to_cart_link_describedby_32554\" data-quantity=\"1\" class=\"button product_type_variable add_to_cart_button cfvsw_ajax_add_to_cart add-to-cart-loop\" data-product_id=\"32554\" data-product_sku=\"\" aria-label=\"Elige las opciones para &ldquo;Sof\u00e1 Reclinable Siesta&rdquo;\" rel=\"nofollow\" data-add_to_cart_text=\"Add to Cart\" data-select_options_text=\"Seleccionar opciones\"><span>Seleccionar opciones<\/span><\/a>\t<span id=\"woocommerce_loop_add_to_cart_link_describedby_32554\" class=\"screen-reader-text\">\n\t\tEste producto tiene m\u00faltiples variantes. Las opciones se pueden elegir en la p\u00e1gina de producto\t<\/span>\n<\/div>\n\t\t\t\t\t\t\t\t\t\t\t\t\t\t<div class=\"quick-view wd-action-btn wd-style-icon wd-quick-view-icon\">\n\t\t\t<a\n\t\t\t\thref=\"https:\/\/leganzamobiliario.com\/es_co\/producto\/sofa-reclinable-siesta\/\"\n\t\t\t\tclass=\"open-quick-view quick-view-button\"\n\t\t\t\trel=\"nofollow\"\n\t\t\t\tdata-id=\"32554\"\n\t\t\t\t>Quick view<\/a>\n\t\t<\/div>\n\t\t\t\t\t\t\t\t<div class=\"wd-compare-btn product-compare-button wd-action-btn wd-style-icon wd-compare-icon\">\n\t\t\t<a href=\"https:\/\/leganzamobiliario.com\/es_co\/compare\/\" data-id=\"32554\" rel=\"nofollow\" data-added-text=\"Compare products\">\n\t\t\t\t<span>Add to compare<\/span>\n\t\t\t<\/a>\n\t\t<\/div>\n\t\t\t\t\t\t\t\t\t<div class=\"wd-wishlist-btn wd-action-btn wd-style-icon wd-wishlist-icon\">\n\t\t\t\t<a class=\"\" href=\"https:\/\/leganzamobiliario.com\/es_co\/wishlist\/\" data-key=\"b5a3aae2c4\" data-product-id=\"32554\" rel=\"nofollow\" data-added-text=\"Browse Wishlist\">\n\t\t\t\t\t<span>Add to wishlist<\/span>\n\t\t\t\t<\/a>\n\t\t\t<\/div>\n\t\t\t\t\t<\/div> \n\t\t<\/div>\n\t<\/div>\n\t\t\t\t\t<h3 class=\"wd-entities-title\"><a href=\"https:\/\/leganzamobiliario.com\/es_co\/producto\/sofa-reclinable-siesta\/\">Sof\u00e1 Reclinable Siesta<\/a><\/h3>\t\t\t\t<div class=\"wd-product-cats\">\n\t\t\t<a href=\"https:\/\/leganzamobiliario.com\/es_co\/categoria\/sofa\/\" rel=\"tag\">Sof\u00e1<\/a>\t\t<\/div>\n\t\t\t\t\t\t\n\t<span class=\"price\"><span class=\"price\">Desde <span class=\"woocommerce-Price-amount amount\"><bdi><span class=\"woocommerce-Price-currencySymbol\">&#36;<\/span>&nbsp;3.655.000<\/bdi><\/span><\/span><\/span>\n\n\t\t\n\t\t\n\t\t\t<\/div>\n<\/div>\n\t\t\t\t\t\t\t\t<div class=\"wd-product wd-hover-icons wd-col product-grid-item product type-product post-32456 status-publish instock product_cat-sofa has-post-thumbnail shipping-taxable purchasable product-type-variable\" data-loop=\"4\" data-id=\"32456\">\n\t\n\t<div class=\"product-wrapper\">\n\t<div class=\"product-element-top wd-quick-shop\">\n\t\t<a href=\"https:\/\/leganzamobiliario.com\/es_co\/producto\/sofa-cama-click-sublime\/\" class=\"product-image-link\">\n\t\t\t<img loading=\"lazy\" decoding=\"async\" width=\"300\" height=\"300\" src=\"https:\/\/leganzamobiliario.com\/wp-content\/uploads\/2025\/06\/Sofa-Click-Sublime2-300x300.png\" class=\"attachment-medium size-medium\" alt=\"Sof\u00e1 Click Sublime abierto\" srcset=\"https:\/\/leganzamobiliario.com\/wp-content\/uploads\/2025\/06\/Sofa-Click-Sublime2-300x300.png 300w, https:\/\/leganzamobiliario.com\/wp-content\/uploads\/2025\/06\/Sofa-Click-Sublime2-150x150.png 150w, https:\/\/leganzamobiliario.com\/wp-content\/uploads\/2025\/06\/Sofa-Click-Sublime2-768x768.png 768w, https:\/\/leganzamobiliario.com\/wp-content\/uploads\/2025\/06\/Sofa-Click-Sublime2-430x430.png 430w, https:\/\/leganzamobiliario.com\/wp-content\/uploads\/2025\/06\/Sofa-Click-Sublime2-700x700.png 700w, https:\/\/leganzamobiliario.com\/wp-content\/uploads\/2025\/06\/Sofa-Click-Sublime2.png 800w\" sizes=\"(max-width: 300px) 100vw, 300px\" \/>\t\t<\/a>\n\n\t\t\t\t\t<div class=\"hover-img\">\n\t\t\t\t<a href=\"https:\/\/leganzamobiliario.com\/es_co\/producto\/sofa-cama-click-sublime\/\" aria-label=\"Product image\">\n\t\t\t\t\t<img loading=\"lazy\" decoding=\"async\" width=\"300\" height=\"300\" src=\"https:\/\/leganzamobiliario.com\/wp-content\/uploads\/2025\/06\/Sofa-Click-Sublime-300x300.png\" class=\"attachment-medium size-medium\" alt=\"Sof\u00e1 Click Sublime\" srcset=\"https:\/\/leganzamobiliario.com\/wp-content\/uploads\/2025\/06\/Sofa-Click-Sublime-300x300.png 300w, https:\/\/leganzamobiliario.com\/wp-content\/uploads\/2025\/06\/Sofa-Click-Sublime-150x150.png 150w, https:\/\/leganzamobiliario.com\/wp-content\/uploads\/2025\/06\/Sofa-Click-Sublime-768x768.png 768w, https:\/\/leganzamobiliario.com\/wp-content\/uploads\/2025\/06\/Sofa-Click-Sublime-430x430.png 430w, https:\/\/leganzamobiliario.com\/wp-content\/uploads\/2025\/06\/Sofa-Click-Sublime-700x700.png 700w, https:\/\/leganzamobiliario.com\/wp-content\/uploads\/2025\/06\/Sofa-Click-Sublime.png 800w\" sizes=\"(max-width: 300px) 100vw, 300px\" \/>\t\t\t\t<\/a>\n\t\t\t<\/div>\n\t\t\t\n\t\t<div class=\"wrapp-buttons\">\n\t\t\t<div class=\"wd-buttons\">\n\t\t\t\t<div class=\"wd-add-btn wd-action-btn wd-style-icon wd-add-cart-icon\"><a href=\"https:\/\/leganzamobiliario.com\/es_co\/producto\/sofa-cama-click-sublime\/\" aria-describedby=\"woocommerce_loop_add_to_cart_link_describedby_32456\" data-quantity=\"1\" class=\"button product_type_variable add_to_cart_button cfvsw_ajax_add_to_cart add-to-cart-loop\" data-product_id=\"32456\" data-product_sku=\"\" aria-label=\"Elige las opciones para &ldquo;Sof\u00e1 Cama\u00a0Click Sublime&rdquo;\" rel=\"nofollow\" data-add_to_cart_text=\"Add to Cart\" data-select_options_text=\"Seleccionar opciones\"><span>Seleccionar opciones<\/span><\/a>\t<span id=\"woocommerce_loop_add_to_cart_link_describedby_32456\" class=\"screen-reader-text\">\n\t\tEste producto tiene m\u00faltiples variantes. Las opciones se pueden elegir en la p\u00e1gina de producto\t<\/span>\n<\/div>\n\t\t\t\t\t\t\t\t\t\t\t\t\t\t<div class=\"quick-view wd-action-btn wd-style-icon wd-quick-view-icon\">\n\t\t\t<a\n\t\t\t\thref=\"https:\/\/leganzamobiliario.com\/es_co\/producto\/sofa-cama-click-sublime\/\"\n\t\t\t\tclass=\"open-quick-view quick-view-button\"\n\t\t\t\trel=\"nofollow\"\n\t\t\t\tdata-id=\"32456\"\n\t\t\t\t>Quick view<\/a>\n\t\t<\/div>\n\t\t\t\t\t\t\t\t<div class=\"wd-compare-btn product-compare-button wd-action-btn wd-style-icon wd-compare-icon\">\n\t\t\t<a href=\"https:\/\/leganzamobiliario.com\/es_co\/compare\/\" data-id=\"32456\" rel=\"nofollow\" data-added-text=\"Compare products\">\n\t\t\t\t<span>Add to compare<\/span>\n\t\t\t<\/a>\n\t\t<\/div>\n\t\t\t\t\t\t\t\t\t<div class=\"wd-wishlist-btn wd-action-btn wd-style-icon wd-wishlist-icon\">\n\t\t\t\t<a class=\"\" href=\"https:\/\/leganzamobiliario.com\/es_co\/wishlist\/\" data-key=\"b5a3aae2c4\" data-product-id=\"32456\" rel=\"nofollow\" data-added-text=\"Browse Wishlist\">\n\t\t\t\t\t<span>Add to wishlist<\/span>\n\t\t\t\t<\/a>\n\t\t\t<\/div>\n\t\t\t\t\t<\/div> \n\t\t<\/div>\n\t<\/div>\n\t\t\t\t\t<h3 class=\"wd-entities-title\"><a href=\"https:\/\/leganzamobiliario.com\/es_co\/producto\/sofa-cama-click-sublime\/\">Sof\u00e1 Cama\u00a0Click Sublime<\/a><\/h3>\t\t\t\t<div class=\"wd-product-cats\">\n\t\t\t<a href=\"https:\/\/leganzamobiliario.com\/es_co\/categoria\/sofa\/\" rel=\"tag\">Sof\u00e1<\/a>\t\t<\/div>\n\t\t\t\t\t\t\n\t<span class=\"price\"><span class=\"price\">Desde <span class=\"woocommerce-Price-amount amount\"><bdi><span class=\"woocommerce-Price-currencySymbol\">&#36;<\/span>&nbsp;1.314.000<\/bdi><\/span><\/span><\/span>\n\n\t\t\n\t\t\n\t\t\t<\/div>\n<\/div>\n\t\t\t\t\t\t\t\t<div class=\"wd-product wd-hover-icons wd-col product-grid-item product type-product post-32358 status-publish last instock product_cat-sofa has-post-thumbnail shipping-taxable purchasable product-type-variable\" data-loop=\"5\" data-id=\"32358\">\n\t\n\t<div class=\"product-wrapper\">\n\t<div class=\"product-element-top wd-quick-shop\">\n\t\t<a href=\"https:\/\/leganzamobiliario.com\/es_co\/producto\/sofa-cama-click-leman\/\" class=\"product-image-link\">\n\t\t\t<img loading=\"lazy\" decoding=\"async\" width=\"300\" height=\"300\" src=\"https:\/\/leganzamobiliario.com\/wp-content\/uploads\/2025\/06\/Sofa-Click-Leman-300x300.png\" class=\"attachment-medium size-medium\" alt=\"Sof\u00e1 Click Leman\" srcset=\"https:\/\/leganzamobiliario.com\/wp-content\/uploads\/2025\/06\/Sofa-Click-Leman-300x300.png 300w, https:\/\/leganzamobiliario.com\/wp-content\/uploads\/2025\/06\/Sofa-Click-Leman-150x150.png 150w, https:\/\/leganzamobiliario.com\/wp-content\/uploads\/2025\/06\/Sofa-Click-Leman-768x768.png 768w, https:\/\/leganzamobiliario.com\/wp-content\/uploads\/2025\/06\/Sofa-Click-Leman-430x430.png 430w, https:\/\/leganzamobiliario.com\/wp-content\/uploads\/2025\/06\/Sofa-Click-Leman-700x700.png 700w, https:\/\/leganzamobiliario.com\/wp-content\/uploads\/2025\/06\/Sofa-Click-Leman.png 800w\" sizes=\"(max-width: 300px) 100vw, 300px\" \/>\t\t<\/a>\n\n\t\t\n\t\t<div class=\"wrapp-buttons\">\n\t\t\t<div class=\"wd-buttons\">\n\t\t\t\t<div class=\"wd-add-btn wd-action-btn wd-style-icon wd-add-cart-icon\"><a href=\"https:\/\/leganzamobiliario.com\/es_co\/producto\/sofa-cama-click-leman\/\" aria-describedby=\"woocommerce_loop_add_to_cart_link_describedby_32358\" data-quantity=\"1\" class=\"button product_type_variable add_to_cart_button cfvsw_ajax_add_to_cart add-to-cart-loop\" data-product_id=\"32358\" data-product_sku=\"\" aria-label=\"Elige las opciones para &ldquo;Sof\u00e1 Cama Click Lem\u00e1n&rdquo;\" rel=\"nofollow\" data-add_to_cart_text=\"Add to Cart\" data-select_options_text=\"Seleccionar opciones\"><span>Seleccionar opciones<\/span><\/a>\t<span id=\"woocommerce_loop_add_to_cart_link_describedby_32358\" class=\"screen-reader-text\">\n\t\tEste producto tiene m\u00faltiples variantes. Las opciones se pueden elegir en la p\u00e1gina de producto\t<\/span>\n<\/div>\n\t\t\t\t\t\t\t\t\t\t\t\t\t\t<div class=\"quick-view wd-action-btn wd-style-icon wd-quick-view-icon\">\n\t\t\t<a\n\t\t\t\thref=\"https:\/\/leganzamobiliario.com\/es_co\/producto\/sofa-cama-click-leman\/\"\n\t\t\t\tclass=\"open-quick-view quick-view-button\"\n\t\t\t\trel=\"nofollow\"\n\t\t\t\tdata-id=\"32358\"\n\t\t\t\t>Quick view<\/a>\n\t\t<\/div>\n\t\t\t\t\t\t\t\t<div class=\"wd-compare-btn product-compare-button wd-action-btn wd-style-icon wd-compare-icon\">\n\t\t\t<a href=\"https:\/\/leganzamobiliario.com\/es_co\/compare\/\" data-id=\"32358\" rel=\"nofollow\" data-added-text=\"Compare products\">\n\t\t\t\t<span>Add to compare<\/span>\n\t\t\t<\/a>\n\t\t<\/div>\n\t\t\t\t\t\t\t\t\t<div class=\"wd-wishlist-btn wd-action-btn wd-style-icon wd-wishlist-icon\">\n\t\t\t\t<a class=\"\" href=\"https:\/\/leganzamobiliario.com\/es_co\/wishlist\/\" data-key=\"b5a3aae2c4\" data-product-id=\"32358\" rel=\"nofollow\" data-added-text=\"Browse Wishlist\">\n\t\t\t\t\t<span>Add to wishlist<\/span>\n\t\t\t\t<\/a>\n\t\t\t<\/div>\n\t\t\t\t\t<\/div> \n\t\t<\/div>\n\t<\/div>\n\t\t\t\t\t<h3 class=\"wd-entities-title\"><a href=\"https:\/\/leganzamobiliario.com\/es_co\/producto\/sofa-cama-click-leman\/\">Sof\u00e1 Cama Click Lem\u00e1n<\/a><\/h3>\t\t\t\t<div class=\"wd-product-cats\">\n\t\t\t<a href=\"https:\/\/leganzamobiliario.com\/es_co\/categoria\/sofa\/\" rel=\"tag\">Sof\u00e1<\/a>\t\t<\/div>\n\t\t\t\t\t\t\n\t<span class=\"price\"><span class=\"price\">Desde <span class=\"woocommerce-Price-amount amount\"><bdi><span class=\"woocommerce-Price-currencySymbol\">&#36;<\/span>&nbsp;1.242.000<\/bdi><\/span><\/span><\/span>\n\n\t\t\n\t\t\n\t\t\t<\/div>\n<\/div>\n\t\t\t\t\t\t\t\t<div class=\"wd-product wd-hover-icons wd-col product-grid-item product type-product post-32260 status-publish first instock product_cat-sofa has-post-thumbnail shipping-taxable purchasable product-type-variable\" data-loop=\"6\" data-id=\"32260\">\n\t\n\t<div class=\"product-wrapper\">\n\t<div class=\"product-element-top wd-quick-shop\">\n\t\t<a href=\"https:\/\/leganzamobiliario.com\/es_co\/producto\/sofa-cama-aleman-modelo-bellaro\/\" class=\"product-image-link\">\n\t\t\t<img loading=\"lazy\" decoding=\"async\" width=\"300\" height=\"300\" src=\"https:\/\/leganzamobiliario.com\/wp-content\/uploads\/2025\/06\/Sofa-Cama-Aleman-Bellaro2-300x300.png\" class=\"attachment-medium size-medium\" alt=\"Sof\u00e1 Cama Aleman Bellaro abierto\" srcset=\"https:\/\/leganzamobiliario.com\/wp-content\/uploads\/2025\/06\/Sofa-Cama-Aleman-Bellaro2-300x300.png 300w, https:\/\/leganzamobiliario.com\/wp-content\/uploads\/2025\/06\/Sofa-Cama-Aleman-Bellaro2-150x150.png 150w, https:\/\/leganzamobiliario.com\/wp-content\/uploads\/2025\/06\/Sofa-Cama-Aleman-Bellaro2-768x768.png 768w, https:\/\/leganzamobiliario.com\/wp-content\/uploads\/2025\/06\/Sofa-Cama-Aleman-Bellaro2-430x430.png 430w, https:\/\/leganzamobiliario.com\/wp-content\/uploads\/2025\/06\/Sofa-Cama-Aleman-Bellaro2-700x700.png 700w, https:\/\/leganzamobiliario.com\/wp-content\/uploads\/2025\/06\/Sofa-Cama-Aleman-Bellaro2.png 800w\" sizes=\"(max-width: 300px) 100vw, 300px\" \/>\t\t<\/a>\n\n\t\t\t\t\t<div class=\"hover-img\">\n\t\t\t\t<a href=\"https:\/\/leganzamobiliario.com\/es_co\/producto\/sofa-cama-aleman-modelo-bellaro\/\" aria-label=\"Product image\">\n\t\t\t\t\t<img loading=\"lazy\" decoding=\"async\" width=\"300\" height=\"300\" src=\"https:\/\/leganzamobiliario.com\/wp-content\/uploads\/2025\/06\/Sofa-Cama-Aleman-Bellaro-300x300.png\" class=\"attachment-medium size-medium\" alt=\"Sof\u00e1 Cama Aleman Bellaro\" srcset=\"https:\/\/leganzamobiliario.com\/wp-content\/uploads\/2025\/06\/Sofa-Cama-Aleman-Bellaro-300x300.png 300w, https:\/\/leganzamobiliario.com\/wp-content\/uploads\/2025\/06\/Sofa-Cama-Aleman-Bellaro-150x150.png 150w, https:\/\/leganzamobiliario.com\/wp-content\/uploads\/2025\/06\/Sofa-Cama-Aleman-Bellaro-768x768.png 768w, https:\/\/leganzamobiliario.com\/wp-content\/uploads\/2025\/06\/Sofa-Cama-Aleman-Bellaro-430x430.png 430w, https:\/\/leganzamobiliario.com\/wp-content\/uploads\/2025\/06\/Sofa-Cama-Aleman-Bellaro-700x700.png 700w, https:\/\/leganzamobiliario.com\/wp-content\/uploads\/2025\/06\/Sofa-Cama-Aleman-Bellaro.png 800w\" sizes=\"(max-width: 300px) 100vw, 300px\" \/>\t\t\t\t<\/a>\n\t\t\t<\/div>\n\t\t\t\n\t\t<div class=\"wrapp-buttons\">\n\t\t\t<div class=\"wd-buttons\">\n\t\t\t\t<div class=\"wd-add-btn wd-action-btn wd-style-icon wd-add-cart-icon\"><a href=\"https:\/\/leganzamobiliario.com\/es_co\/producto\/sofa-cama-aleman-modelo-bellaro\/\" aria-describedby=\"woocommerce_loop_add_to_cart_link_describedby_32260\" data-quantity=\"1\" class=\"button product_type_variable add_to_cart_button cfvsw_ajax_add_to_cart add-to-cart-loop\" data-product_id=\"32260\" data-product_sku=\"\" aria-label=\"Elige las opciones para &ldquo;Sof\u00e1 Cama Alem\u00e1n Modelo Bellaro&rdquo;\" rel=\"nofollow\" data-add_to_cart_text=\"Add to Cart\" data-select_options_text=\"Seleccionar opciones\"><span>Seleccionar opciones<\/span><\/a>\t<span id=\"woocommerce_loop_add_to_cart_link_describedby_32260\" class=\"screen-reader-text\">\n\t\tEste producto tiene m\u00faltiples variantes. Las opciones se pueden elegir en la p\u00e1gina de producto\t<\/span>\n<\/div>\n\t\t\t\t\t\t\t\t\t\t\t\t\t\t<div class=\"quick-view wd-action-btn wd-style-icon wd-quick-view-icon\">\n\t\t\t<a\n\t\t\t\thref=\"https:\/\/leganzamobiliario.com\/es_co\/producto\/sofa-cama-aleman-modelo-bellaro\/\"\n\t\t\t\tclass=\"open-quick-view quick-view-button\"\n\t\t\t\trel=\"nofollow\"\n\t\t\t\tdata-id=\"32260\"\n\t\t\t\t>Quick view<\/a>\n\t\t<\/div>\n\t\t\t\t\t\t\t\t<div class=\"wd-compare-btn product-compare-button wd-action-btn wd-style-icon wd-compare-icon\">\n\t\t\t<a href=\"https:\/\/leganzamobiliario.com\/es_co\/compare\/\" data-id=\"32260\" rel=\"nofollow\" data-added-text=\"Compare products\">\n\t\t\t\t<span>Add to compare<\/span>\n\t\t\t<\/a>\n\t\t<\/div>\n\t\t\t\t\t\t\t\t\t<div class=\"wd-wishlist-btn wd-action-btn wd-style-icon wd-wishlist-icon\">\n\t\t\t\t<a class=\"\" href=\"https:\/\/leganzamobiliario.com\/es_co\/wishlist\/\" data-key=\"b5a3aae2c4\" data-product-id=\"32260\" rel=\"nofollow\" data-added-text=\"Browse Wishlist\">\n\t\t\t\t\t<span>Add to wishlist<\/span>\n\t\t\t\t<\/a>\n\t\t\t<\/div>\n\t\t\t\t\t<\/div> \n\t\t<\/div>\n\t<\/div>\n\t\t\t\t\t<h3 class=\"wd-entities-title\"><a href=\"https:\/\/leganzamobiliario.com\/es_co\/producto\/sofa-cama-aleman-modelo-bellaro\/\">Sof\u00e1 Cama Alem\u00e1n Modelo Bellaro<\/a><\/h3>\t\t\t\t<div class=\"wd-product-cats\">\n\t\t\t<a href=\"https:\/\/leganzamobiliario.com\/es_co\/categoria\/sofa\/\" rel=\"tag\">Sof\u00e1<\/a>\t\t<\/div>\n\t\t\t\t\t\t\n\t<span class=\"price\"><span class=\"price\">Desde <span class=\"woocommerce-Price-amount amount\"><bdi><span class=\"woocommerce-Price-currencySymbol\">&#36;<\/span>&nbsp;1.782.000<\/bdi><\/span><\/span><\/span>\n\n\t\t\n\t\t\n\t\t\t<\/div>\n<\/div>\n\t\t\t\t\t\t\t\t<div class=\"wd-product wd-hover-icons wd-col product-grid-item product type-product post-32162 status-publish instock product_cat-salas has-post-thumbnail shipping-taxable purchasable product-type-variable\" data-loop=\"7\" data-id=\"32162\">\n\t\n\t<div class=\"product-wrapper\">\n\t<div class=\"product-element-top wd-quick-shop\">\n\t\t<a href=\"https:\/\/leganzamobiliario.com\/es_co\/producto\/sala-en-l-aleman-modelo-armoni\/\" class=\"product-image-link\">\n\t\t\t<img loading=\"lazy\" decoding=\"async\" width=\"300\" height=\"300\" src=\"https:\/\/leganzamobiliario.com\/wp-content\/uploads\/2025\/06\/Sala-Alemana-Armoni-2-300x300.webp\" class=\"attachment-medium size-medium\" alt=\"Sala Alem\u00e1n Armoni 2\" srcset=\"https:\/\/leganzamobiliario.com\/wp-content\/uploads\/2025\/06\/Sala-Alemana-Armoni-2-300x300.webp 300w, https:\/\/leganzamobiliario.com\/wp-content\/uploads\/2025\/06\/Sala-Alemana-Armoni-2-150x150.webp 150w, https:\/\/leganzamobiliario.com\/wp-content\/uploads\/2025\/06\/Sala-Alemana-Armoni-2-768x768.webp 768w, https:\/\/leganzamobiliario.com\/wp-content\/uploads\/2025\/06\/Sala-Alemana-Armoni-2-430x430.webp 430w, https:\/\/leganzamobiliario.com\/wp-content\/uploads\/2025\/06\/Sala-Alemana-Armoni-2-700x700.webp 700w, https:\/\/leganzamobiliario.com\/wp-content\/uploads\/2025\/06\/Sala-Alemana-Armoni-2.webp 800w\" sizes=\"(max-width: 300px) 100vw, 300px\" \/>\t\t<\/a>\n\n\t\t\t\t\t<div class=\"hover-img\">\n\t\t\t\t<a href=\"https:\/\/leganzamobiliario.com\/es_co\/producto\/sala-en-l-aleman-modelo-armoni\/\" aria-label=\"Product image\">\n\t\t\t\t\t<img loading=\"lazy\" decoding=\"async\" width=\"300\" height=\"300\" src=\"https:\/\/leganzamobiliario.com\/wp-content\/uploads\/2025\/06\/Sala-Alemana-Armoni-300x300.png\" class=\"attachment-medium size-medium\" alt=\"Sala Alem\u00e1n Armoni\" srcset=\"https:\/\/leganzamobiliario.com\/wp-content\/uploads\/2025\/06\/Sala-Alemana-Armoni-300x300.png 300w, https:\/\/leganzamobiliario.com\/wp-content\/uploads\/2025\/06\/Sala-Alemana-Armoni-150x150.png 150w, https:\/\/leganzamobiliario.com\/wp-content\/uploads\/2025\/06\/Sala-Alemana-Armoni-768x768.png 768w, https:\/\/leganzamobiliario.com\/wp-content\/uploads\/2025\/06\/Sala-Alemana-Armoni-430x430.png 430w, https:\/\/leganzamobiliario.com\/wp-content\/uploads\/2025\/06\/Sala-Alemana-Armoni-700x700.png 700w, https:\/\/leganzamobiliario.com\/wp-content\/uploads\/2025\/06\/Sala-Alemana-Armoni.png 800w\" sizes=\"(max-width: 300px) 100vw, 300px\" \/>\t\t\t\t<\/a>\n\t\t\t<\/div>\n\t\t\t\n\t\t<div class=\"wrapp-buttons\">\n\t\t\t<div class=\"wd-buttons\">\n\t\t\t\t<div class=\"wd-add-btn wd-action-btn wd-style-icon wd-add-cart-icon\"><a href=\"https:\/\/leganzamobiliario.com\/es_co\/producto\/sala-en-l-aleman-modelo-armoni\/\" aria-describedby=\"woocommerce_loop_add_to_cart_link_describedby_32162\" data-quantity=\"1\" class=\"button product_type_variable add_to_cart_button cfvsw_ajax_add_to_cart add-to-cart-loop\" data-product_id=\"32162\" data-product_sku=\"\" aria-label=\"Elige las opciones para &ldquo;Sala en L Alem\u00e1n Modelo Armoni&rdquo;\" rel=\"nofollow\" data-add_to_cart_text=\"Add to Cart\" data-select_options_text=\"Seleccionar opciones\"><span>Seleccionar opciones<\/span><\/a>\t<span id=\"woocommerce_loop_add_to_cart_link_describedby_32162\" class=\"screen-reader-text\">\n\t\tEste producto tiene m\u00faltiples variantes. Las opciones se pueden elegir en la p\u00e1gina de producto\t<\/span>\n<\/div>\n\t\t\t\t\t\t\t\t\t\t\t\t\t\t<div class=\"quick-view wd-action-btn wd-style-icon wd-quick-view-icon\">\n\t\t\t<a\n\t\t\t\thref=\"https:\/\/leganzamobiliario.com\/es_co\/producto\/sala-en-l-aleman-modelo-armoni\/\"\n\t\t\t\tclass=\"open-quick-view quick-view-button\"\n\t\t\t\trel=\"nofollow\"\n\t\t\t\tdata-id=\"32162\"\n\t\t\t\t>Quick view<\/a>\n\t\t<\/div>\n\t\t\t\t\t\t\t\t<div class=\"wd-compare-btn product-compare-button wd-action-btn wd-style-icon wd-compare-icon\">\n\t\t\t<a href=\"https:\/\/leganzamobiliario.com\/es_co\/compare\/\" data-id=\"32162\" rel=\"nofollow\" data-added-text=\"Compare products\">\n\t\t\t\t<span>Add to compare<\/span>\n\t\t\t<\/a>\n\t\t<\/div>\n\t\t\t\t\t\t\t\t\t<div class=\"wd-wishlist-btn wd-action-btn wd-style-icon wd-wishlist-icon\">\n\t\t\t\t<a class=\"\" href=\"https:\/\/leganzamobiliario.com\/es_co\/wishlist\/\" data-key=\"b5a3aae2c4\" data-product-id=\"32162\" rel=\"nofollow\" data-added-text=\"Browse Wishlist\">\n\t\t\t\t\t<span>Add to wishlist<\/span>\n\t\t\t\t<\/a>\n\t\t\t<\/div>\n\t\t\t\t\t<\/div> \n\t\t<\/div>\n\t<\/div>\n\t\t\t\t\t<h3 class=\"wd-entities-title\"><a href=\"https:\/\/leganzamobiliario.com\/es_co\/producto\/sala-en-l-aleman-modelo-armoni\/\">Sala en L Alem\u00e1n Modelo Armoni<\/a><\/h3>\t\t\t\t<div class=\"wd-product-cats\">\n\t\t\t<a href=\"https:\/\/leganzamobiliario.com\/es_co\/categoria\/salas\/\" rel=\"tag\">Salas<\/a>\t\t<\/div>\n\t\t\t\t\t\t\n\t<span class=\"price\"><span class=\"price\">Desde <span class=\"woocommerce-Price-amount amount\"><bdi><span class=\"woocommerce-Price-currencySymbol\">&#36;<\/span>&nbsp;2.340.000<\/bdi><\/span><\/span><\/span>\n\n\t\t\n\t\t\n\t\t\t<\/div>\n<\/div>\n\t\t\t\t\t\t\t\t<div class=\"wd-product wd-hover-icons wd-col product-grid-item product type-product post-32064 status-publish last instock product_cat-sofa has-post-thumbnail shipping-taxable purchasable product-type-variable\" data-loop=\"8\" data-id=\"32064\">\n\t\n\t<div class=\"product-wrapper\">\n\t<div class=\"product-element-top wd-quick-shop\">\n\t\t<a href=\"https:\/\/leganzamobiliario.com\/es_co\/producto\/sofa-capitone\/\" class=\"product-image-link\">\n\t\t\t<img loading=\"lazy\" decoding=\"async\" width=\"300\" height=\"300\" src=\"https:\/\/leganzamobiliario.com\/wp-content\/uploads\/2025\/06\/Sofa-Capitone-300x300.png\" class=\"attachment-medium size-medium\" alt=\"Sof\u00e1 Capiton\u00e9\" srcset=\"https:\/\/leganzamobiliario.com\/wp-content\/uploads\/2025\/06\/Sofa-Capitone-300x300.png 300w, https:\/\/leganzamobiliario.com\/wp-content\/uploads\/2025\/06\/Sofa-Capitone-150x150.png 150w, https:\/\/leganzamobiliario.com\/wp-content\/uploads\/2025\/06\/Sofa-Capitone-768x768.png 768w, https:\/\/leganzamobiliario.com\/wp-content\/uploads\/2025\/06\/Sofa-Capitone-430x430.png 430w, https:\/\/leganzamobiliario.com\/wp-content\/uploads\/2025\/06\/Sofa-Capitone-700x700.png 700w, https:\/\/leganzamobiliario.com\/wp-content\/uploads\/2025\/06\/Sofa-Capitone.png 800w\" sizes=\"(max-width: 300px) 100vw, 300px\" \/>\t\t<\/a>\n\n\t\t\n\t\t<div class=\"wrapp-buttons\">\n\t\t\t<div class=\"wd-buttons\">\n\t\t\t\t<div class=\"wd-add-btn wd-action-btn wd-style-icon wd-add-cart-icon\"><a href=\"https:\/\/leganzamobiliario.com\/es_co\/producto\/sofa-capitone\/\" aria-describedby=\"woocommerce_loop_add_to_cart_link_describedby_32064\" data-quantity=\"1\" class=\"button product_type_variable add_to_cart_button cfvsw_ajax_add_to_cart add-to-cart-loop\" data-product_id=\"32064\" data-product_sku=\"\" aria-label=\"Elige las opciones para &ldquo;Sof\u00e1 Capiton\u00e9&rdquo;\" rel=\"nofollow\" data-add_to_cart_text=\"Add to Cart\" data-select_options_text=\"Seleccionar opciones\"><span>Seleccionar opciones<\/span><\/a>\t<span id=\"woocommerce_loop_add_to_cart_link_describedby_32064\" class=\"screen-reader-text\">\n\t\tEste producto tiene m\u00faltiples variantes. Las opciones se pueden elegir en la p\u00e1gina de producto\t<\/span>\n<\/div>\n\t\t\t\t\t\t\t\t\t\t\t\t\t\t<div class=\"quick-view wd-action-btn wd-style-icon wd-quick-view-icon\">\n\t\t\t<a\n\t\t\t\thref=\"https:\/\/leganzamobiliario.com\/es_co\/producto\/sofa-capitone\/\"\n\t\t\t\tclass=\"open-quick-view quick-view-button\"\n\t\t\t\trel=\"nofollow\"\n\t\t\t\tdata-id=\"32064\"\n\t\t\t\t>Quick view<\/a>\n\t\t<\/div>\n\t\t\t\t\t\t\t\t<div class=\"wd-compare-btn product-compare-button wd-action-btn wd-style-icon wd-compare-icon\">\n\t\t\t<a href=\"https:\/\/leganzamobiliario.com\/es_co\/compare\/\" data-id=\"32064\" rel=\"nofollow\" data-added-text=\"Compare products\">\n\t\t\t\t<span>Add to compare<\/span>\n\t\t\t<\/a>\n\t\t<\/div>\n\t\t\t\t\t\t\t\t\t<div class=\"wd-wishlist-btn wd-action-btn wd-style-icon wd-wishlist-icon\">\n\t\t\t\t<a class=\"\" href=\"https:\/\/leganzamobiliario.com\/es_co\/wishlist\/\" data-key=\"b5a3aae2c4\" data-product-id=\"32064\" rel=\"nofollow\" data-added-text=\"Browse Wishlist\">\n\t\t\t\t\t<span>Add to wishlist<\/span>\n\t\t\t\t<\/a>\n\t\t\t<\/div>\n\t\t\t\t\t<\/div> \n\t\t<\/div>\n\t<\/div>\n\t\t\t\t\t<h3 class=\"wd-entities-title\"><a href=\"https:\/\/leganzamobiliario.com\/es_co\/producto\/sofa-capitone\/\">Sof\u00e1 Capiton\u00e9<\/a><\/h3>\t\t\t\t<div class=\"wd-product-cats\">\n\t\t\t<a href=\"https:\/\/leganzamobiliario.com\/es_co\/categoria\/sofa\/\" rel=\"tag\">Sof\u00e1<\/a>\t\t<\/div>\n\t\t\t\t\t\t\n\t<span class=\"price\"><span class=\"price\">Desde <span class=\"woocommerce-Price-amount amount\"><bdi><span class=\"woocommerce-Price-currencySymbol\">&#36;<\/span>&nbsp;2.790.000<\/bdi><\/span><\/span><\/span>\n\n\t\t\n\t\t\n\t\t\t<\/div>\n<\/div>\n\t\t\n\t\t\t\t<\/div>\n\t\n\t\t\n\t\t\t\t\t\t\t\t\t\t\t\t\t\t\t\t\t\t\t\t\t\t\t<div class=\"wd-nav-arrows wd-ajax-arrows wd-hover-1 wd-pos-together wd-icon-1\">\n\t\t\t<div class=\"wd-btn-arrow wd-prev wd-disabled\">\n\t\t\t\t<div class=\"wd-arrow-inner\"><\/div>\n\t\t\t<\/div>\n\t\t\t<div class=\"wd-btn-arrow wd-next\">\n\t\t\t\t<div class=\"wd-arrow-inner\"><\/div>\n\t\t\t<\/div>\n\t\t<\/div>\n\t\t\t\t\t\t\t\t\t\t\n\t\t\t\t\t<\/div>\n\t\t\n\t\t\n\t\t\t\t\t<\/div>\n\t\t\t\t\t\t\t\t\t<\/div>\n\t\t\t\t\t\t<\/div>\n\t\t\t\t<\/div>\n\t\t\t\t\t<\/div>\n\t\t\t\t<\/div>\n\t\t<div class=\"wd-negative-gap elementor-element elementor-element-8ee27ca e-flex e-con-boxed e-con e-parent\" data-id=\"8ee27ca\" data-element_type=\"container\" data-e-type=\"container\">\n\t\t\t\t\t<div class=\"e-con-inner\">\n\t\t\t\t<div class=\"elementor-element elementor-element-e0c6bfa wd-width-100 wd-nav-accordion-mb-on elementor-widget elementor-widget-wd_product_categories\" data-id=\"e0c6bfa\" data-element_type=\"widget\" data-e-type=\"widget\" data-widget_type=\"wd_product_categories.default\">\n\t\t\t\t<div class=\"elementor-widget-container\">\n\t\t\t\t\t\t\t\t\t\t\t\t\t\t\n\t\t\t\t<div class=\"wd-cats-element\">\n\t\t\t\t\t<div class=\"wd-masonry wd-grid-f-col wd-masonry-first wd-cats products woocommerce columns-4 products-bordered-grid wd-products-with-bg elements-grid\" style=\"--wd-col-lg:4;--wd-col-md:4;--wd-col-sm:2;--wd-gap-lg:20px;--wd-gap-sm:10px;\">\n\t\t\t\t\t\t\t\t\t\t\t\t\t\n<div class=\"wd-col wd-wider category-grid-item wd-cat cat-design-default categories-with-shadow wd-with-subcat product-category product first\" data-loop=\"1\">\n\t\t\t<div class=\"wd-cat-wrap\">\n\t\n\t<div class=\"wd-cat-inner wrapp-category\">\n\t\t<div class=\"wd-cat-thumb category-image-wrapp\">\n\t\t\t<a class=\"wd-cat-image category-image\" href=\"https:\/\/leganzamobiliario.com\/es_co\/categoria\/salas\/\" aria-label=\"Category image\">\n\t\t\t\t\n\t\t\t\t<img loading=\"lazy\" decoding=\"async\" width=\"800\" height=\"800\" src=\"https:\/\/leganzamobiliario.com\/wp-content\/uploads\/2025\/05\/sala-1-slider.png\" class=\"attachment-full size-full\" alt=\"sala danesa slides\" srcset=\"https:\/\/leganzamobiliario.com\/wp-content\/uploads\/2025\/05\/sala-1-slider.png 800w, https:\/\/leganzamobiliario.com\/wp-content\/uploads\/2025\/05\/sala-1-slider-430x430.png 430w, https:\/\/leganzamobiliario.com\/wp-content\/uploads\/2025\/05\/sala-1-slider-150x150.png 150w, https:\/\/leganzamobiliario.com\/wp-content\/uploads\/2025\/05\/sala-1-slider-700x700.png 700w, https:\/\/leganzamobiliario.com\/wp-content\/uploads\/2025\/05\/sala-1-slider-300x300.png 300w, https:\/\/leganzamobiliario.com\/wp-content\/uploads\/2025\/05\/sala-1-slider-768x768.png 768w\" sizes=\"(max-width: 800px) 100vw, 800px\" \/>\t\t\t<\/a>\n\t\t<\/div>\n\t\t<div class=\"wd-cat-content hover-mask\">\n\t\t\t<h3 class=\"wd-entities-title\">\n\t\t\t\tSalas\t\t\t<\/h3>\n\n\t\t\t\t\t\t\t<div class=\"wd-cat-count more-products\">\n\t\t\t\t\t<a href=\"https:\/\/leganzamobiliario.com\/es_co\/categoria\/salas\/\">\n\t\t\t\t\t8 products\t\t\t\t\t<\/a>\n\t\t\t\t<\/div>\n\t\t\t\n\t\t\t\t\t<\/div>\n\n\t\t\t\t<a class=\"wd-fill category-link\" href=\"https:\/\/leganzamobiliario.com\/es_co\/categoria\/salas\/\" aria-label=\"Product category salas\"><\/a>\n\t\t\t<\/div>\n\n\t\t\t<\/div>\n\t<\/div>\n\t\t\t\t\t\t\t\t\t\t\t\t\t\n<div class=\"wd-col category-grid-item wd-cat cat-design-default categories-with-shadow wd-with-subcat product-category product\" data-loop=\"2\">\n\t\t\t<div class=\"wd-cat-wrap\">\n\t\n\t<div class=\"wd-cat-inner wrapp-category\">\n\t\t<div class=\"wd-cat-thumb category-image-wrapp\">\n\t\t\t<a class=\"wd-cat-image category-image\" href=\"https:\/\/leganzamobiliario.com\/es_co\/categoria\/sofa\/\" aria-label=\"Category image\">\n\t\t\t\t\n\t\t\t\t<img loading=\"lazy\" decoding=\"async\" width=\"800\" height=\"800\" src=\"https:\/\/leganzamobiliario.com\/wp-content\/uploads\/2025\/05\/sofa-cat.png\" class=\"attachment-large size-large\" alt=\"sof\u00e1 categor\u00eda\" srcset=\"https:\/\/leganzamobiliario.com\/wp-content\/uploads\/2025\/05\/sofa-cat.png 800w, https:\/\/leganzamobiliario.com\/wp-content\/uploads\/2025\/05\/sofa-cat-430x430.png 430w, https:\/\/leganzamobiliario.com\/wp-content\/uploads\/2025\/05\/sofa-cat-150x150.png 150w, https:\/\/leganzamobiliario.com\/wp-content\/uploads\/2025\/05\/sofa-cat-700x700.png 700w, https:\/\/leganzamobiliario.com\/wp-content\/uploads\/2025\/05\/sofa-cat-300x300.png 300w, https:\/\/leganzamobiliario.com\/wp-content\/uploads\/2025\/05\/sofa-cat-768x768.png 768w\" sizes=\"(max-width: 800px) 100vw, 800px\" \/>\t\t\t<\/a>\n\t\t<\/div>\n\t\t<div class=\"wd-cat-content hover-mask\">\n\t\t\t<h3 class=\"wd-entities-title\">\n\t\t\t\tSof\u00e1\t\t\t<\/h3>\n\n\t\t\t\t\t\t\t<div class=\"wd-cat-count more-products\">\n\t\t\t\t\t<a href=\"https:\/\/leganzamobiliario.com\/es_co\/categoria\/sofa\/\">\n\t\t\t\t\t30 products\t\t\t\t\t<\/a>\n\t\t\t\t<\/div>\n\t\t\t\n\t\t\t\t\t<\/div>\n\n\t\t\t\t<a class=\"wd-fill category-link\" href=\"https:\/\/leganzamobiliario.com\/es_co\/categoria\/sofa\/\" aria-label=\"Product category sofa\"><\/a>\n\t\t\t<\/div>\n\n\t\t\t<\/div>\n\t<\/div>\n\t\t\t\t\t\t\t\t\t\t\t\t\t\n<div class=\"wd-col category-grid-item wd-cat cat-design-default categories-with-shadow wd-with-subcat product-category product last\" data-loop=\"3\">\n\t\t\t<div class=\"wd-cat-wrap\">\n\t\n\t<div class=\"wd-cat-inner wrapp-category\">\n\t\t<div class=\"wd-cat-thumb category-image-wrapp\">\n\t\t\t<a class=\"wd-cat-image category-image\" href=\"https:\/\/leganzamobiliario.com\/es_co\/categoria\/comedores\/\" aria-label=\"Category image\">\n\t\t\t\t\n\t\t\t\t<img loading=\"lazy\" decoding=\"async\" width=\"800\" height=\"800\" src=\"https:\/\/leganzamobiliario.com\/wp-content\/uploads\/2025\/05\/comedor-cat-800x800.png\" class=\"attachment-large size-large\" alt=\"comedor categor\u00eda\" srcset=\"https:\/\/leganzamobiliario.com\/wp-content\/uploads\/2025\/05\/comedor-cat-800x800.png 800w, https:\/\/leganzamobiliario.com\/wp-content\/uploads\/2025\/05\/comedor-cat-430x430.png 430w, https:\/\/leganzamobiliario.com\/wp-content\/uploads\/2025\/05\/comedor-cat-150x150.png 150w, https:\/\/leganzamobiliario.com\/wp-content\/uploads\/2025\/05\/comedor-cat-700x700.png 700w, https:\/\/leganzamobiliario.com\/wp-content\/uploads\/2025\/05\/comedor-cat-300x300.png 300w, https:\/\/leganzamobiliario.com\/wp-content\/uploads\/2025\/05\/comedor-cat-768x768.png 768w, https:\/\/leganzamobiliario.com\/wp-content\/uploads\/2025\/05\/comedor-cat-1536x1536.png 1536w, https:\/\/leganzamobiliario.com\/wp-content\/uploads\/2025\/05\/comedor-cat.png 1600w\" sizes=\"(max-width: 800px) 100vw, 800px\" \/>\t\t\t<\/a>\n\t\t<\/div>\n\t\t<div class=\"wd-cat-content hover-mask\">\n\t\t\t<h3 class=\"wd-entities-title\">\n\t\t\t\tComedores\t\t\t<\/h3>\n\n\t\t\t\t\t\t\t<div class=\"wd-cat-count more-products\">\n\t\t\t\t\t<a href=\"https:\/\/leganzamobiliario.com\/es_co\/categoria\/comedores\/\">\n\t\t\t\t\t5 products\t\t\t\t\t<\/a>\n\t\t\t\t<\/div>\n\t\t\t\n\t\t\t\t\t<\/div>\n\n\t\t\t\t<a class=\"wd-fill category-link\" href=\"https:\/\/leganzamobiliario.com\/es_co\/categoria\/comedores\/\" aria-label=\"Product category comedores\"><\/a>\n\t\t\t<\/div>\n\n\t\t\t<\/div>\n\t<\/div>\n\t\t\t\t\t\t\t\t\t\t\t\t\t\n<div class=\"wd-col category-grid-item wd-cat cat-design-default categories-with-shadow wd-with-subcat product-category product first\" data-loop=\"4\">\n\t\t\t<div class=\"wd-cat-wrap\">\n\t\n\t<div class=\"wd-cat-inner wrapp-category\">\n\t\t<div class=\"wd-cat-thumb category-image-wrapp\">\n\t\t\t<a class=\"wd-cat-image category-image\" href=\"https:\/\/leganzamobiliario.com\/es_co\/categoria\/poltronas\/\" aria-label=\"Category image\">\n\t\t\t\t\n\t\t\t\t<img loading=\"lazy\" decoding=\"async\" width=\"800\" height=\"800\" src=\"https:\/\/leganzamobiliario.com\/wp-content\/uploads\/2025\/05\/Poltrona-cat-800x800.png\" class=\"attachment-large size-large\" alt=\"Poltrona Bellanti\" srcset=\"https:\/\/leganzamobiliario.com\/wp-content\/uploads\/2025\/05\/Poltrona-cat-800x800.png 800w, https:\/\/leganzamobiliario.com\/wp-content\/uploads\/2025\/05\/Poltrona-cat-430x430.png 430w, https:\/\/leganzamobiliario.com\/wp-content\/uploads\/2025\/05\/Poltrona-cat-150x150.png 150w, https:\/\/leganzamobiliario.com\/wp-content\/uploads\/2025\/05\/Poltrona-cat-700x700.png 700w, https:\/\/leganzamobiliario.com\/wp-content\/uploads\/2025\/05\/Poltrona-cat-300x300.png 300w, https:\/\/leganzamobiliario.com\/wp-content\/uploads\/2025\/05\/Poltrona-cat-768x768.png 768w, https:\/\/leganzamobiliario.com\/wp-content\/uploads\/2025\/05\/Poltrona-cat-1536x1536.png 1536w, https:\/\/leganzamobiliario.com\/wp-content\/uploads\/2025\/05\/Poltrona-cat.png 1600w\" sizes=\"(max-width: 800px) 100vw, 800px\" \/>\t\t\t<\/a>\n\t\t<\/div>\n\t\t<div class=\"wd-cat-content hover-mask\">\n\t\t\t<h3 class=\"wd-entities-title\">\n\t\t\t\tPoltronas\t\t\t<\/h3>\n\n\t\t\t\t\t\t\t<div class=\"wd-cat-count more-products\">\n\t\t\t\t\t<a href=\"https:\/\/leganzamobiliario.com\/es_co\/categoria\/poltronas\/\">\n\t\t\t\t\t10 products\t\t\t\t\t<\/a>\n\t\t\t\t<\/div>\n\t\t\t\n\t\t\t\t\t<\/div>\n\n\t\t\t\t<a class=\"wd-fill category-link\" href=\"https:\/\/leganzamobiliario.com\/es_co\/categoria\/poltronas\/\" aria-label=\"Product category poltronas\"><\/a>\n\t\t\t<\/div>\n\n\t\t\t<\/div>\n\t<\/div>\n\t\t\t\t\t\t\t\t\t\t\t<\/div>\n\t\t\t\t<\/div>\n\t\t\t\t\t\t\t\t\t\t\t<\/div>\n\t\t\t\t<\/div>\n\t\t\t\t\t<\/div>\n\t\t\t\t<\/div>\n\t\t<div class=\"elementor-element elementor-element-9bb7362 wd-section-stretch e-con-full e-flex e-con e-parent\" data-id=\"9bb7362\" data-element_type=\"container\" data-e-type=\"container\" data-settings=\"{&quot;background_background&quot;:&quot;classic&quot;}\">\n\t\t\t\t<div class=\"elementor-element elementor-element-edb57ea wd-width-100 elementor-widget elementor-widget-wd_title\" data-id=\"edb57ea\" data-element_type=\"widget\" data-e-type=\"widget\" data-widget_type=\"wd_title.default\">\n\t\t\t\t<div class=\"elementor-widget-container\">\n\t\t\t\t\t\t\t<div class=\"title-wrapper wd-set-mb reset-last-child wd-title-color-default wd-title-style-default wd-title-size-small text-center\">\n\n\t\t\t\t\t\t\t\t\t\t\t<div class=\"title-subtitle subtitle-color-default subtitle-style-default wd-fontsize-xs\">\n\t\t\t\t\tLA SOLUCI\u00d3N EN TUS MANOS\t\t\t\t<\/div>\n\t\t\t\n\t\t\t<div class=\"liner-continer\">\n\t\t\t\t<h2 class=\"woodmart-title-container title wd-fontsize-m\">Muebles elegantes en Bogot\u00e1 con Identidad y Prop\u00f3sito en <br \/>\nLeganza Mobiliario<\/h2> \n\t\t\t\t\t\t\t<\/div>\n\n\t\t\t\t\t<\/div>\n\t\t\t\t\t\t<\/div>\n\t\t\t\t<\/div>\n\t\t\t\t<div class=\"elementor-element elementor-element-f34c607 elementor-widget elementor-widget-wd_text_block\" data-id=\"f34c607\" data-element_type=\"widget\" data-e-type=\"widget\" data-widget_type=\"wd_text_block.default\">\n\t\t\t\t<div class=\"elementor-widget-container\">\n\t\t\t\t\t\t\t<div class=\"wd-text-block reset-last-child text-center\">\n\t\t\t\n\t\t\t<p style=\"color: #ffffff; font-size: 20px;\"><strong><span style=\"vertical-align: inherit;\"><span style=\"vertical-align: inherit;\">No somos una tienda m\u00e1s: somos creadores de ambientes de salas modernas en Bogot\u00e1. En Leganza Mobiliario dise\u00f1amos y fabricamos muebles que se adaptan a distintos estilos de vida, entendiendo que cada hogar tiene una historia \u00fanica que contar. Desde espacios minimalistas y modernos, hasta interiores c\u00e1lidos y tradicionales, nuestros productos est\u00e1n pensados para acompa\u00f1arte en cada etapa de tu vida, con materiales duraderos, acabados sofisticados y un dise\u00f1o atemporal.<\/span><\/span><\/strong><\/p><p style=\"color: #ffffff; font-size: 20px;\"><strong><span style=\"vertical-align: inherit;\"><span style=\"vertical-align: inherit;\">Nuestra promesa es simple: ofrecerte muebles elegantes en Bogot\u00e1 para salas modernas que no solo sean visualmente impactantes, sino tambi\u00e9n c\u00f3modos, funcionales y fabricados con altos est\u00e1ndares de calidad. Eso es lo que nos convierte en una de las marcas l\u00edderes como fabricante de muebles elegantes en Bogot\u00e1<\/span><\/span><\/strong><span style=\"vertical-align: inherit;\"><span style=\"vertical-align: inherit;\">.<\/span><\/span><\/p>\n\t\t\t\t\t<\/div>\n\t\t\t\t\t\t<\/div>\n\t\t\t\t<\/div>\n\t\t<div class=\"elementor-element elementor-element-556b149 e-con-full e-flex e-con e-child\" data-id=\"556b149\" data-element_type=\"container\" data-e-type=\"container\">\n\t\t\t\t<div class=\"elementor-element elementor-element-e6e6028 elementor-widget__width-auto elementor-widget elementor-widget-wd_button\" data-id=\"e6e6028\" data-element_type=\"widget\" data-e-type=\"widget\" data-widget_type=\"wd_button.default\">\n\t\t\t\t<div class=\"elementor-widget-container\">\n\t\t\t\t\t\t\t<div class=\"wd-button-wrapper text-center wd-collapsible-button wd-smooth-scroll\"  data-smooth-time=\"100\" data-smooth-offset=\"100\">\n\t\t\t<a class=\"btn btn-style-default btn-shape-rectangle btn-size-default btn-color-primary btn-icon-pos-right\"  href=\"#\">\n\t\t\t\t<span class=\"wd-btn-text\" data-elementor-setting-key=\"text\">\n\t\t\t\t\tLeer m\u00e1s\t\t\t\t<\/span>\n\n\t\t\t\t\t\t\t<\/a>\n\t\t<\/div>\n\t\t\t\t\t\t<\/div>\n\t\t\t\t<\/div>\n\t\t\t\t<div class=\"elementor-element elementor-element-6d1215b elementor-widget__width-auto elementor-widget elementor-widget-wd_button\" data-id=\"6d1215b\" data-element_type=\"widget\" data-e-type=\"widget\" data-widget_type=\"wd_button.default\">\n\t\t\t\t<div class=\"elementor-widget-container\">\n\t\t\t\t\t\t\t<div class=\"wd-button-wrapper text-center wd-collapsible-button wd-smooth-scroll\"  data-smooth-time=\"100\" data-smooth-offset=\"100\">\n\t\t\t<a class=\"btn btn-style-bordered btn-shape-rectangle btn-size-default btn-color-white btn-icon-pos-right\"  href=\"#\">\n\t\t\t\t<span class=\"wd-btn-text\" data-elementor-setting-key=\"text\">\n\t\t\t\t\tContactanos\t\t\t\t<\/span>\n\n\t\t\t\t\t\t\t<\/a>\n\t\t<\/div>\n\t\t\t\t\t\t<\/div>\n\t\t\t\t<\/div>\n\t\t\t\t<\/div>\n\t\t\t\t<\/div>\n\t\t<div class=\"elementor-element elementor-element-26a721c e-con-full e-flex e-con e-parent\" data-id=\"26a721c\" data-element_type=\"container\" data-e-type=\"container\">\n\t\t\t\t<div class=\"elementor-element elementor-element-f14f2f5 elementor-arrows-position-inside elementor-pagination-position-outside elementor-widget elementor-widget-image-carousel\" data-id=\"f14f2f5\" data-element_type=\"widget\" data-e-type=\"widget\" data-settings=\"{&quot;slides_to_show&quot;:&quot;3&quot;,&quot;slides_to_scroll&quot;:&quot;1&quot;,&quot;lazyload&quot;:&quot;yes&quot;,&quot;image_spacing_custom&quot;:{&quot;unit&quot;:&quot;px&quot;,&quot;size&quot;:9,&quot;sizes&quot;:[]},&quot;autoplay_speed&quot;:1840,&quot;navigation&quot;:&quot;both&quot;,&quot;autoplay&quot;:&quot;yes&quot;,&quot;pause_on_hover&quot;:&quot;yes&quot;,&quot;pause_on_interaction&quot;:&quot;yes&quot;,&quot;infinite&quot;:&quot;yes&quot;,&quot;speed&quot;:500,&quot;image_spacing_custom_tablet&quot;:{&quot;unit&quot;:&quot;px&quot;,&quot;size&quot;:&quot;&quot;,&quot;sizes&quot;:[]},&quot;image_spacing_custom_mobile&quot;:{&quot;unit&quot;:&quot;px&quot;,&quot;size&quot;:&quot;&quot;,&quot;sizes&quot;:[]}}\" data-widget_type=\"image-carousel.default\">\n\t\t\t\t<div class=\"elementor-widget-container\">\n\t\t\t\t\t\t\t<div class=\"elementor-image-carousel-wrapper swiper\" role=\"region\" aria-roledescription=\"carousel\" aria-label=\"Carrusel de im\u00e1genes\" dir=\"ltr\">\n\t\t\t<div class=\"elementor-image-carousel swiper-wrapper swiper-image-stretch\" aria-live=\"off\">\n\t\t\t\t\t\t\t\t<div class=\"swiper-slide\" role=\"group\" aria-roledescription=\"slide\" aria-label=\"1 of 4\"><figure class=\"swiper-slide-inner\"><img class=\"swiper-slide-image swiper-lazy\" data-src=\"https:\/\/leganzamobiliario.com\/wp-content\/uploads\/2025\/05\/sala-danivese-cat.png\" alt=\"Muebles modernos para sala en Bogot\u00e1\" \/><div class=\"swiper-lazy-preloader\"><\/div><\/figure><\/div><div class=\"swiper-slide\" role=\"group\" aria-roledescription=\"slide\" aria-label=\"2 of 4\"><figure class=\"swiper-slide-inner\"><img class=\"swiper-slide-image swiper-lazy\" data-src=\"https:\/\/leganzamobiliario.com\/wp-content\/uploads\/2025\/05\/SOFA-4.png\" alt=\"sof\u00e1 noveris slides\" \/><div class=\"swiper-lazy-preloader\"><\/div><\/figure><\/div><div class=\"swiper-slide\" role=\"group\" aria-roledescription=\"slide\" aria-label=\"3 of 4\"><figure class=\"swiper-slide-inner\"><img class=\"swiper-slide-image swiper-lazy\" data-src=\"https:\/\/leganzamobiliario.com\/wp-content\/uploads\/2025\/05\/comedor-slider.png\" alt=\"comedor renatta slides\" \/><div class=\"swiper-lazy-preloader\"><\/div><\/figure><\/div><div class=\"swiper-slide\" role=\"group\" aria-roledescription=\"slide\" aria-label=\"4 of 4\"><figure class=\"swiper-slide-inner\"><img class=\"swiper-slide-image swiper-lazy\" data-src=\"https:\/\/leganzamobiliario.com\/wp-content\/uploads\/2021\/08\/sala-7l-slider-a.png\" alt=\"sala gabrielle\" \/><div class=\"swiper-lazy-preloader\"><\/div><\/figure><\/div>\t\t\t<\/div>\n\t\t\t\t\t\t\t\t\t\t\t\t<div class=\"elementor-swiper-button elementor-swiper-button-prev\" role=\"button\" tabindex=\"0\">\n\t\t\t\t\t\t<svg aria-hidden=\"true\" class=\"e-font-icon-svg e-eicon-chevron-left\" viewBox=\"0 0 1000 1000\" xmlns=\"http:\/\/www.w3.org\/2000\/svg\"><path d=\"M646 125C629 125 613 133 604 142L308 442C296 454 292 471 292 487 292 504 296 521 308 533L604 854C617 867 629 875 646 875 663 875 679 871 692 858 704 846 713 829 713 812 713 796 708 779 692 767L438 487 692 225C700 217 708 204 708 187 708 171 704 154 692 142 675 129 663 125 646 125Z\"><\/path><\/svg>\t\t\t\t\t<\/div>\n\t\t\t\t\t<div class=\"elementor-swiper-button elementor-swiper-button-next\" role=\"button\" tabindex=\"0\">\n\t\t\t\t\t\t<svg aria-hidden=\"true\" class=\"e-font-icon-svg e-eicon-chevron-right\" viewBox=\"0 0 1000 1000\" xmlns=\"http:\/\/www.w3.org\/2000\/svg\"><path d=\"M696 533C708 521 713 504 713 487 713 471 708 454 696 446L400 146C388 133 375 125 354 125 338 125 325 129 313 142 300 154 292 171 292 187 292 204 296 221 308 233L563 492 304 771C292 783 288 800 288 817 288 833 296 850 308 863 321 871 338 875 354 875 371 875 388 867 400 854L696 533Z\"><\/path><\/svg>\t\t\t\t\t<\/div>\n\t\t\t\t\n\t\t\t\t\t\t\t\t\t<div class=\"swiper-pagination\"><\/div>\n\t\t\t\t\t\t\t\t\t<\/div>\n\t\t\t\t\t\t<\/div>\n\t\t\t\t<\/div>\n\t\t\t\t<\/div>\n\t\t\t\t<\/div>\n\t\t","protected":false},"excerpt":{"rendered":"<p>MUEBLES MODERNOS PARA SALA EN BOGOT\u00c1 DISE\u00d1OS&nbsp;EXCLUSIVOS ARTE&nbsp;COLOMBIANO RESPONSABILIDAD&nbsp;AMBIENTAL ATENCI\u00d3N&nbsp;PERSONALIZADA DONDE EL DIS\u00d1O SE CONVIERTE EN ARTE, Y LOS MUEBLES<\/p>\n","protected":false},"author":1,"featured_media":0,"parent":0,"menu_order":0,"comment_status":"closed","ping_status":"closed","template":"","meta":{"footnotes":""},"class_list":["post-15661","page","type-page","status-publish","hentry"],"_links":{"self":[{"href":"https:\/\/leganzamobiliario.com\/es_co\/wp-json\/wp\/v2\/pages\/15661","targetHints":{"allow":["GET"]}}],"collection":[{"href":"https:\/\/leganzamobiliario.com\/es_co\/wp-json\/wp\/v2\/pages"}],"about":[{"href":"https:\/\/leganzamobiliario.com\/es_co\/wp-json\/wp\/v2\/types\/page"}],"author":[{"embeddable":true,"href":"https:\/\/leganzamobiliario.com\/es_co\/wp-json\/wp\/v2\/users\/1"}],"replies":[{"embeddable":true,"href":"https:\/\/leganzamobiliario.com\/es_co\/wp-json\/wp\/v2\/comments?post=15661"}],"version-history":[{"count":129,"href":"https:\/\/leganzamobiliario.com\/es_co\/wp-json\/wp\/v2\/pages\/15661\/revisions"}],"predecessor-version":[{"id":33023,"href":"https:\/\/leganzamobiliario.com\/es_co\/wp-json\/wp\/v2\/pages\/15661\/revisions\/33023"}],"wp:attachment":[{"href":"https:\/\/leganzamobiliario.com\/es_co\/wp-json\/wp\/v2\/media?parent=15661"}],"curies":[{"name":"wp","href":"https:\/\/api.w.org\/{rel}","templated":true}]}}